{"id":1036,"date":"2021-08-06T07:31:40","date_gmt":"2021-08-06T07:31:40","guid":{"rendered":"https:\/\/nonnwella.de\/phtf\/?page_id=1036"},"modified":"2022-07-22T10:06:51","modified_gmt":"2022-07-22T10:06:51","slug":"fritze-michel","status":"publish","type":"page","link":"https:\/\/nonnwella.de\/phtf\/fritze-michel","title":{"rendered":"Fritze Michel"},"content":{"rendered":"<h2 id=\"ox-clipboard-data\" style=\"text-align: center;\" data-ox-clipboard-id=\"cb84368305714ad1a948e9e5d7e40514:132056\" data-ox-operations=\"[{&quot;name&quot;:&quot;insertStyleSheet&quot;,&quot;styleId&quot;:&quot;ListParagraph&quot;,&quot;type&quot;:&quot;paragraph&quot;,&quot;styleName&quot;:&quot;List Paragraph&quot;,&quot;attrs&quot;:{&quot;paragraph&quot;:{&quot;indentLeft&quot;:1270,&quot;contextualSpacing&quot;:true,&quot;nextStyleId&quot;:&quot;ListParagraph&quot;}},&quot;parent&quot;:&quot;Normal&quot;,&quot;uiPriority&quot;:34},{&quot;name&quot;:&quot;splitParagraph&quot;,&quot;start&quot;:[0,0]},{&quot;name&quot;:&quot;setAttributes&quot;,&quot;start&quot;:[0],&quot;attrs&quot;:{&quot;character&quot;:{&quot;fontName&quot;:null,&quot;fontNameSymbol&quot;:null,&quot;fontNameComplex&quot;:null,&quot;fontNameEastAsia&quot;:null,&quot;bold&quot;:null,&quot;italic&quot;:null,&quot;underline&quot;:null,&quot;strike&quot;:null,&quot;caps&quot;:null,&quot;vertAlign&quot;:null,&quot;baseline&quot;:null,&quot;color&quot;:null,&quot;fillColor&quot;:null,&quot;language&quot;:null,&quot;anchor&quot;:null,&quot;autoDateField&quot;:null,&quot;field&quot;:null,&quot;fontSize&quot;:null},&quot;paragraph&quot;:{&quot;alignment&quot;:&quot;center&quot;,&quot;fillColor&quot;:null,&quot;lineHeight&quot;:null,&quot;tabStops&quot;:null,&quot;indentFirstLine&quot;:null,&quot;indentLeft&quot;:null,&quot;indentRight&quot;:null,&quot;nextStyleId&quot;:null,&quot;listLevel&quot;:null,&quot;listStyleId&quot;:null,&quot;listLabelHidden&quot;:null,&quot;listStartValue&quot;:null,&quot;outlineLevel&quot;:null,&quot;borderLeft&quot;:null,&quot;borderRight&quot;:null,&quot;borderTop&quot;:null,&quot;borderBottom&quot;:null,&quot;borderInside&quot;:null,&quot;contextualSpacing&quot;:null,&quot;marginTop&quot;:null,&quot;marginBottom&quot;:null,&quot;pageBreakBefore&quot;:null,&quot;pageBreakAfter&quot;:null},&quot;styleId&quot;:null}},{&quot;name&quot;:&quot;setAttributes&quot;,&quot;start&quot;:[0],&quot;attrs&quot;:{&quot;character&quot;:{&quot;fontName&quot;:null,&quot;fontNameSymbol&quot;:null,&quot;fontNameComplex&quot;:null,&quot;fontNameEastAsia&quot;:null,&quot;bold&quot;:null,&quot;italic&quot;:null,&quot;underline&quot;:null,&quot;strike&quot;:null,&quot;caps&quot;:null,&quot;vertAlign&quot;:null,&quot;baseline&quot;:null,&quot;color&quot;:null,&quot;fillColor&quot;:null,&quot;language&quot;:null,&quot;anchor&quot;:null,&quot;autoDateField&quot;:null,&quot;field&quot;:null,&quot;fontSize&quot;:null}}},{&quot;name&quot;:&quot;insertText&quot;,&quot;start&quot;:[0,0],&quot;text&quot;:&quot;\\&quot;Fritze Michel\\&quot;, der letzte Nachtw\u00e4chter&quot;,&quot;attrs&quot;:{&quot;changes&quot;:{&quot;inserted&quot;:null,&quot;removed&quot;:null,&quot;modified&quot;:null},&quot;character&quot;:{&quot;bold&quot;:null,&quot;fontSize&quot;:null,&quot;spellerror&quot;:null},&quot;styleId&quot;:null}},{&quot;name&quot;:&quot;setAttributes&quot;,&quot;start&quot;:[0,0],&quot;attrs&quot;:{&quot;character&quot;:{&quot;bold&quot;:true,&quot;fontSize&quot;:13}}},{&quot;name&quot;:&quot;setAttributes&quot;,&quot;start&quot;:[0,1],&quot;end&quot;:[0,6],&quot;attrs&quot;:{&quot;character&quot;:{&quot;bold&quot;:true,&quot;fontSize&quot;:13}}},{&quot;name&quot;:&quot;setAttributes&quot;,&quot;start&quot;:[0,7],&quot;end&quot;:[0,39],&quot;attrs&quot;:{&quot;character&quot;:{&quot;bold&quot;:true,&quot;fontSize&quot;:13}}},{&quot;name&quot;:&quot;insertParagraph&quot;,&quot;start&quot;:[1],&quot;attrs&quot;:{&quot;paragraph&quot;:{&quot;alignment&quot;:&quot;center&quot;}}},{&quot;name&quot;:&quot;insertText&quot;,&quot;start&quot;:[1,0],&quot;text&quot;:&quot;Ein vergessenes Nonnweiler Original&quot;},{&quot;name&quot;:&quot;setAttributes&quot;,&quot;start&quot;:[1,0],&quot;end&quot;:[1,15],&quot;attrs&quot;:{&quot;character&quot;:{&quot;italic&quot;:true}}},{&quot;name&quot;:&quot;setAttributes&quot;,&quot;start&quot;:[1,16],&quot;end&quot;:[1,25],&quot;attrs&quot;:{&quot;character&quot;:{&quot;italic&quot;:true}}},{&quot;name&quot;:&quot;setAttributes&quot;,&quot;start&quot;:[1,26],&quot;end&quot;:[1,34],&quot;attrs&quot;:{&quot;character&quot;:{&quot;italic&quot;:true}}},{&quot;name&quot;:&quot;insertParagraph&quot;,&quot;start&quot;:[2],&quot;attrs&quot;:{&quot;paragraph&quot;:{&quot;alignment&quot;:&quot;center&quot;}}},{&quot;name&quot;:&quot;insertText&quot;,&quot;start&quot;:[2,0],&quot;text&quot;:&quot;von Franz Johann&quot;},{&quot;name&quot;:&quot;setAttributes&quot;,&quot;start&quot;:[2,0],&quot;end&quot;:[2,15],&quot;attrs&quot;:{&quot;character&quot;:{&quot;italic&quot;:true}}},{&quot;name&quot;:&quot;insertParagraph&quot;,&quot;start&quot;:[3],&quot;attrs&quot;:{&quot;paragraph&quot;:{&quot;indentLeft&quot;:-499,&quot;indentRight&quot;:-576}}},{&quot;name&quot;:&quot;insertText&quot;,&quot;start&quot;:[3,0],&quot;text&quot;:&quot;Die \u00e4ltere Generation hat ihn noch gut gekannt, diese klobige vierschr\u00f6tige Gestalt mit dem breiten R\u00fccken, mit den wuchtigen F\u00e4usten, welche die Gewalt eies Schraubstockes hatten, dazu das gutm\u00fctige Gesicht, in dem ein paar lebhafte \u00c4uglein pfiffig in die Welt hinaus lugten. Wenn die Alten sich vergangener Zeiten erinnern, oder man entsinnt sich der Jugendjahre, \u00a0immer wieder kommt mann auf ihn zu sprechen, denn in der letzten H\u00e4lfte des vergangenen Jahrhunderts war \\&quot;Fritze Michel\\&quot; f\u00fcr Nonnweiler ein Begriff.&quot;},{&quot;name&quot;:&quot;insertParagraph&quot;,&quot;start&quot;:[4],&quot;attrs&quot;:{&quot;paragraph&quot;:{&quot;indentLeft&quot;:-499,&quot;indentRight&quot;:-576}}},{&quot;name&quot;:&quot;insertText&quot;,&quot;start&quot;:[4,0],&quot;text&quot;:&quot;Sein richtiger Name lautete Michel Hohnecker. Sein Vater, Fritz Hohnecker, geb\u00fcrtig aus Templin (Brandenburg), von welchem Michel seine Originalit\u00e4t geerbt hatte, war als junger Bursche in einem Herrestro\u00df der Bl\u00fccherarmee 1794 mit nach Frankreich gezogen. Nach dem R\u00fcckzug desselben \u00fcber de Rhein blieb der junge Hohnecker in Nonnweiler h\u00e4ngen. Nach einer bestimmten Zeit, in welcher er sich als Tagel\u00f6hner recht und schlecht durchschlug, \u00fcbertrugen ihm die Bauern das H\u00fcten der Herden, so da\u00df der Gr\u00fcndung einer Familie nichts mehr im Wege stand.&quot;},{&quot;name&quot;:&quot;insertParagraph&quot;,&quot;start&quot;:[5],&quot;attrs&quot;:{&quot;paragraph&quot;:{&quot;indentLeft&quot;:-499,&quot;indentRight&quot;:-576}}},{&quot;name&quot;:&quot;insertText&quot;,&quot;start&quot;:[5,0],&quot;text&quot;:&quot;Auch Michel als der \u00e4lteste Spro\u00df dieser Ehe wurde Hirte. Er teilte sich mit seinem Vater in diesen Beruf und verlebte stille und geruhsame Stunden in der Einsamkeit des \\&quot;Nonnweiler Wildlandes\\&quot; und auf dem \\&quot;Hascheid\\&quot;.&quot;},{&quot;name&quot;:&quot;insertParagraph&quot;,&quot;start&quot;:[6],&quot;attrs&quot;:{&quot;paragraph&quot;:{&quot;indentLeft&quot;:-499,&quot;indentRight&quot;:-576}}},{&quot;name&quot;:&quot;insertText&quot;,&quot;start&quot;:[6,0],&quot;text&quot;:&quot;Doch auch ihn ergriff in der Not der damaligen Auswanderungsjahre das Reisefieber. Gleich vielen anderen betete er sein letztes Vaterunser auf dem Heimatboden vor dem alten Hubertuskreuz, um dann als junger Mann von einigen zwanzig Jahren den Fu\u00dfmarsch nach dem alten Antwerpen und damit die \u00dcberfahrt nach Amerika anzutreten.&quot;},{&quot;name&quot;:&quot;insertParagraph&quot;,&quot;start&quot;:[7],&quot;attrs&quot;:{&quot;paragraph&quot;:{&quot;indentLeft&quot;:-499,&quot;indentRight&quot;:-576}}},{&quot;name&quot;:&quot;insertText&quot;,&quot;start&quot;:[7,0],&quot;text&quot;:&quot;Doch die Anwesenheit in er \\&quot;neuen Welt\\&quot; sollte f\u00fcr Michel nicht von allzu langer Dauer sein; nach einem halben Jahre landete er wieder in der Heimat. Die Gr\u00fcnde zu dieser baldigen R\u00fcckkehr m\u00f6gen verschiedener Art gewesen sein; jedenfalls hat das Heimweh eine wesentliche Rolle dabei gespielt. \u00dcber die Ursache seiner baldigen R\u00fcckkehr befragt, gab Michel die Anwort: \\&quot;Jo, et war dort alles gut und sch\u00f6n, awer -- et war kein Hoschelt (Hascheid) do!\\&quot; Er teilte sich wieder mit seinem Vater in den Hirtenberuf und wurde zudem am 1.April 1854 von der Gemeinde als Nachtw\u00e4chter angestellt, wor\u00fcber die Niederschrift der Gemeinderatssitzung des gleichen Tages Aufschlu\u00df gibt.&quot;},{&quot;name&quot;:&quot;insertParagraph&quot;,&quot;start&quot;:[8],&quot;attrs&quot;:{&quot;paragraph&quot;:{&quot;indentLeft&quot;:-499,&quot;indentRight&quot;:-576}}},{&quot;name&quot;:&quot;insertText&quot;,&quot;start&quot;:[8,0],&quot;text&quot;:&quot;Der unter dem Vorsitz von Ortsvorsteher Junk versammelte Gemeinderat: \\&quot;In Erw\u00e4gung, da\u00df der Nachtw\u00e4chter Feit hierselbst seine Stelle gem\u00e4\u00df Protokollerkl\u00e4rung vom 30.Februar dieses Jahres freiwillig niedergelegt hat, daher eine andersweite Besetzung dieser Stelle n\u00f6tig ist, schl\u00e4gt zu dieser Stelle den im Lesen und Schreiben hinreichend erfahrenen und auch energischen Michel Hohnecker, 37 Jahre alt, Tagel\u00f6hner zu Nonnweiler, vor, gegen ein j\u00e4hrliches Gehalt von 20 Thalern, unter der Bedingung, da\u00df er auf dreimonatliche K\u00fcndigung angestellt werde. Das Gehalt soll er von heute an von wo ab er dieses Amt provisorisch \u00fcbernommen hat, beziehen.\\&quot;&quot;},{&quot;name&quot;:&quot;insertParagraph&quot;,&quot;start&quot;:[9],&quot;attrs&quot;:{&quot;paragraph&quot;:{&quot;indentLeft&quot;:-499,&quot;indentRight&quot;:-576}}},{&quot;name&quot;:&quot;insertText&quot;,&quot;start&quot;:[9,0],&quot;text&quot;:&quot;Michel war jetzt in seinem Hauptberuf Nachtw\u00e4chter, nebenberuflich Hirt. Zu seinen Pflichten geh\u00f6rten vor allem seine n\u00e4chtlichen Rundg\u00e4nge von nachts 11.00 Uhr bis morgens 4.00 Uhr. Da die D\u00f6rfer unserer Heimat damals durchweg nur das Strohdach kannten, hatte er vor allem auf Brand zu achten. Auch f\u00fcr Ruhe und Ordnung in nachtschlafener Zeit war er mitverantwortlich. Dann hatte er auf seinem Rundgang die Stunden kundzutun mit einem Pfiff auf seiner Trillerpfeife. Die Stellen, an welchen dieser Pfiff zu erfolgen hatte, waren genau festgelegt. Der erste Pfiff erfolgte an der Kurve \\&quot;Unter der Fels\\&quot;, der zweite vor dem Pfarrhaus, der dritte im heutigen M\u00fchlenweg beim Hause Frank, der vierte \\&quot;Auf der Geig\\&quot; beim alten Gasthaus Hower, der f\u00fcnfte in der Trierer Stra\u00dfe beim Kloster und der sechste und somit letzte in der Dorfmitte vor dem heutigen Gasthaus Lauer. Damit war der erste Rundgang beendet. Um 12.00 Uhr erfolgte die zweite Runde mit zwei Pfiffen an den vorgenannten Stellen und so fort jede Stunde bis 4.00 Uhr morgensmit dem Unterschiede, da\u00df um 1.00 Uhr wieder mit einem Pfiff begonnen wurde und dann nach den folgenden Stunden die betreffenden Pfiffe erfolgten. Michel erledigte gewissenhaft seine Aufgaben, am Tag bei seiner Schweineherde auf dem Hascheid und auf der Trift in der \\&quot;Kellerbach\\&quot;, nachts auf seinem dienstlichen Rundgang. Au\u00dferdem hatte man ihm das Amt des Abdeckers \u00fcbertragen und jeder Fuchs , den F\u00f6rster Laudes im Winter erledigte, wurde von Michel seines Pelzes entkleidet. F\u00fcr den sogenannten Fuchskern hatte er aber eine besondere Verwendung. Er hing diese an einer Kette drei Tage und N\u00e4chte in die winterlich-kalten Fluten des Primsbaches. Durch diese Behandlung wurde dem Fuchs der Ranzgeruch vollst\u00e4ndig entzogen. Er gab dann f\u00fcr Michel und seine Familie einen k\u00f6stlich duftenden Braten ab.&quot;},{&quot;name&quot;:&quot;insertParagraph&quot;,&quot;start&quot;:[10],&quot;attrs&quot;:{&quot;paragraph&quot;:{&quot;indentLeft&quot;:-499,&quot;indentRight&quot;:-576}}},{&quot;name&quot;:&quot;insertText&quot;,&quot;start&quot;:[10,0],&quot;text&quot;:&quot;Auch machte Michel manche dienstlichen G\u00e4nge nach ausw\u00e4rts. \u00dcber einen dieser Art ist nach m\u00fcndlicher \u00dcberlieferung folgendes berichtet: \\&quot;Michel war im Auftrag des damaligen Amtsb\u00fcrgermeisters Junk nach Hermeskeil. Gleichzeitig sollte er dort mehrere private Kommissionen mit diesem Gang erledigen. So sollte er dem Gastwirt Dellwing zwei Kr\u00fcge mit Branntwein aus der dortigen Brennerei Weber mitbringen. Die Frau des Amtsb\u00fcrgermeisters hatte ihm den Auftrag gegeben, die gest\u00e4rkten wei\u00dfen Hauben mitzubringen, welche f\u00fcr sie, f\u00fcr die Schwester Suse des Pfarrer Mergens und f\u00fcr verschiedene andere B\u00fcrgersfrauen bestimmt waren. Denn es war einige Tage vor dem 3. November, Hubertsukirmes, und nach der damaligen Tracht geh\u00f6rte die gest\u00e4rkte, wei\u00dfe Haube zum Festkleid. Michel, immer zuverl\u00e4ssig, hatte alle Auftr\u00e4ge in Hermeskeil erledigt. Auf dem Heimwege wollte er dann die Branntweinkr\u00fcge in der Brennerei Weber, die am Ausgang des Ortes lag, mitnehmen. Gesagt, getan. Aber der Auf enthalt in der Brennerei blieb nicht ohne Folgen. Schwankend, mit schwerer \\&quot;Schlagseite\\&quot;, verlie\u00df Michel den gastlichen Ort. An einem Strick baumelten \u00fcber die Schulter die beiden Kr\u00fcge, einer vorn, einer hinten. In der Hand eine gro\u00dfe T\u00fcte mit einem Dutzend wei\u00dfer, gest\u00e4rkter Festtagshauben, so verlie\u00df Michel Hermeskeil.&quot;},{&quot;name&quot;:&quot;insertParagraph&quot;,&quot;start&quot;:[11],&quot;attrs&quot;:{&quot;paragraph&quot;:{&quot;indentLeft&quot;:-499,&quot;indentRight&quot;:-576}}},{&quot;name&quot;:&quot;insertText&quot;,&quot;start&quot;:[11,0],&quot;text&quot;:&quot;Alles ging gut durch den Hermeskeiler Wald, bis die H\u00f6he oberhalb von Nonnweiler erreicht war. Brausend warf sich hier der Nordweststurm Michel entgegen. Im Torkeln und Schwanken von einer Stra\u00dfenseite zur anderen schlugen die am Strick baumelnden Branntweinkr\u00fcge mit einem lauten \\&quot;Krach\\&quot; zusammen. Scherben splitterten auf der Stra\u00dfe, die beiden K\u00fcrge waren zerbrochen. Entsetzen str\u00e4ubte Michels Haar, und gerade in diesem f\u00fcrchterlichen Augenblick entf\u00fchrte der Sturm die T\u00fcte mit den zw\u00f6lf Hauben. Jetzt aber erwachte in Michel das Bewu\u00dftsein. In langen Spr\u00fcngen jagte er der T\u00fcte nach, die inzwischen den gr\u00f6\u00dften Teil ihres Inhaltes dem Winde preisgegeben und \u00fcber die Sturz\u00e4cker verstreut hatte. Aber Michel \u00a0ruhte und rastete nicht eher, bis er auch die letzte der fl\u00fcchtenden Hauben wieder eingefangen und mit seiner klobigen Faust an ihren urspr\u00fcnglichen Platz in der T\u00fcte zur\u00fcckbef\u00f6rdert hatte. In welchem Zustand, das war eine andere Frage. Aber mit Seelenruhe lieferte er bei der Frau B\u00fcrgermeister die T\u00fcte mit den Hauben und die dazu geh\u00f6rende Liste der Empf\u00e4nger ab und nahm das Trinkgeld einen Taler in Empfang, den er aber sofort beim Gastwirt Dellwing in Zahlung gab f\u00fcr die verungl\u00fcckten Branntweinkr\u00fcge. Jedenfalls ist eines fest verb\u00fcrgt: an diesem fraglichen Hubertustage hat keine der auf diese Art mit wei\u00dfen Hauben belieferten B\u00fcrgersfrauen die althergebrachte, festliche Kopfbedeckung getragen.&quot;},{&quot;name&quot;:&quot;insertParagraph&quot;,&quot;start&quot;:[12],&quot;attrs&quot;:{&quot;paragraph&quot;:{&quot;indentLeft&quot;:-499,&quot;indentRight&quot;:-576}}},{&quot;name&quot;:&quot;insertText&quot;,&quot;start&quot;:[12,0],&quot;text&quot;:&quot;Und wieder einmal war Hubertustag. Am zweiten Feiertage, dem Kirmesmontag, sa\u00df Michel in der Gastwirtschaft Haubert, der heutigen Hubertussch\u00e4nke, und trank Branntwein. Dabei sei ausdr\u00fccklich hier betont, da\u00df Michel kein Gewohnheitstrinker war, nur ab und zu hatte er eben \\&quot;seinen Tag\\&quot;. Schon mehrere Male hatte der Wirt ihm das leere \\&quot;Knuppenglas\\&quot; gef\u00fcllt, als in dem Trubel der allgemeinen Feststimmung ein spindeld\u00fcrres M\u00e4nnchen auftauchte, welches sich als Kartenschl\u00e4ger produzierte und, die Gelegenheit ausnutzend, sich einige Groschen zu verdienen gedachte. Nachdem der Kartenschl\u00e4ger unter vielem Hallo der anwesenden Burschen diesen die vermeintliche Wahrheit aus den aufgedeckten Karten gesagt hatte, machte einer aus der Runde den Vorschlag, auch einmal dem \\&quot;Vetter Michel\\&quot; die Karte zu schlagen.&quot;},{&quot;name&quot;:&quot;insertParagraph&quot;,&quot;start&quot;:[13],&quot;attrs&quot;:{&quot;paragraph&quot;:{&quot;indentLeft&quot;:-499,&quot;indentRight&quot;:-576}}},{&quot;name&quot;:&quot;insertText&quot;,&quot;start&quot;:[13,0],&quot;text&quot;:&quot;Gespannt verfolgten alle Anwesenden den nun kommenden Vorgang. Was w\u00fcrde wohl dabei herauskommen und das war wohl die Hauptsache: Wie w\u00fcrde Michel auf die Weissagung des Kartenschl\u00e4gers reagieren ?&quot;},{&quot;name&quot;:&quot;insertParagraph&quot;,&quot;start&quot;:[14],&quot;attrs&quot;:{&quot;paragraph&quot;:{&quot;indentLeft&quot;:-499,&quot;indentRight&quot;:-576}}},{&quot;name&quot;:&quot;insertText&quot;,&quot;start&quot;:[14,0],&quot;text&quot;:&quot;Beide sa\u00dfen sich gegen\u00fcber. Nachde die Karten zum ersten Male ausgebreitet waren, verk\u00fcndete das M\u00e4nnchen: \\&quot;Sie werden ein sehr hohes Alter erreichen!\\&quot;&quot;},{&quot;name&quot;:&quot;insertParagraph&quot;,&quot;start&quot;:[15],&quot;attrs&quot;:{&quot;paragraph&quot;:{&quot;indentLeft&quot;:-499,&quot;indentRight&quot;:-576}}},{&quot;name&quot;:&quot;insertText&quot;,&quot;start&quot;:[15,0],&quot;text&quot;:&quot;\\&quot;Prost Comp\u00e8re\\&quot;, sagte Michel, ein Ausdruck, der heute noch in Nonnweiler gebr\u00e4uchlich ist und soviel bedeutet wie Gevatter, Bursche.&quot;},{&quot;name&quot;:&quot;insertParagraph&quot;,&quot;start&quot;:[16],&quot;attrs&quot;:{&quot;paragraph&quot;:{&quot;indentLeft&quot;:-499,&quot;indentRight&quot;:-576}}},{&quot;name&quot;:&quot;insertText&quot;,&quot;start&quot;:[16,0],&quot;text&quot;:&quot;Das zweite Aufdecken ergab das Resultat: \\&quot;Sie werden eine gro\u00dfe Erbschaft machen und sehr reich werden!\\&quot; \\&quot;Prost Comp\u00e8re\\&quot;, war Michels Antwort und \\&quot;Geb meinem Comp\u00e8re einen Schnaps\\&quot;, sich an den Wirt wendend.&quot;},{&quot;name&quot;:&quot;insertParagraph&quot;,&quot;start&quot;:[17],&quot;attrs&quot;:{&quot;paragraph&quot;:{&quot;indentLeft&quot;:-499,&quot;indentRight&quot;:-576}}},{&quot;name&quot;:&quot;insertText&quot;,&quot;start&quot;:[17,0],&quot;text&quot;:&quot;\\&quot;Aber\\&quot;, sagte das M\u00e4nnchen, und deckte zum dritten Male die Karten auf, \\&quot;aber Sie werden vor Ihrer Frau sterben!\\&quot; Das h\u00e4tte nach der reichen Erbschaft nicht kommen d\u00fcrfen. \\&quot;Eweil krischt dau mir de Mangel\\&quot;, und mit seinen gef\u00fcrchteten Schraubstockf\u00e4usten umgriff Michel den spindeld\u00fcrren Hals seines Gegen\u00fcbers, und wenn die Burschen nicht hinzugesprungen w\u00e4ren und h\u00e4tten mit Gewalt diese F\u00e4uste ge\u00f6ffnet, die Sache w\u00fcrde ein b\u00f6ses Ende genommen haben. Eilig raffte das Kartenm\u00e4nnchen seine Bilder zusammen und verschwand auf Nimmerwiedersehen.&quot;},{&quot;name&quot;:&quot;insertParagraph&quot;,&quot;start&quot;:[18],&quot;attrs&quot;:{&quot;paragraph&quot;:{&quot;indentLeft&quot;:-499,&quot;indentRight&quot;:-576}}},{&quot;name&quot;:&quot;insertText&quot;,&quot;start&quot;:[18,0],&quot;text&quot;:&quot;Seinen urw\u00fcchsigsten Streich aber beging Michel, als er seinerzeit dem Amtsb\u00fcrgermeister Britten das H\u00dcten der Schweineherde \u00fcbertrug und das war so: Silvesternacht. In jedem Winkel des Dorfes knallten die Pistolen, was den Polizeidiener Barth in begreifliche Aufregung versetzte. Denn dieser war f\u00fcr die Ruhe in dieser Nacht an erster Stelle verantwortlich, die zweite Verantwortung f\u00fcr das n\u00e4chtliche Treibenfiel Michel als Nachtw\u00e4chter zu.&quot;},{&quot;name&quot;:&quot;insertParagraph&quot;,&quot;start&quot;:[19],&quot;attrs&quot;:{&quot;paragraph&quot;:{&quot;indentLeft&quot;:-499,&quot;indentRight&quot;:-576}}},{&quot;name&quot;:&quot;insertText&quot;,&quot;start&quot;:[19,0],&quot;text&quot;:&quot;Aber, wie sich der Polizist auch abm\u00fchte, der Ruhest\u00f6rer habhaft zu werden, Michel sa\u00df seelenruhig im alten Gasthaus Hower und trank Branntwein, er hatte eben \\&quot;seinen Tag\\&quot;.&quot;},{&quot;name&quot;:&quot;insertParagraph&quot;,&quot;start&quot;:[20],&quot;attrs&quot;:{&quot;paragraph&quot;:{&quot;indentLeft&quot;:-499,&quot;indentRight&quot;:-576}}},{&quot;name&quot;:&quot;insertText&quot;,&quot;start&quot;:[20,0],&quot;text&quot;:&quot;Auch Amtsb\u00fcrgermeister Britten hatte im gleichen Lokal Platz genommen und beobachtete stirnrunzelnd seines Nachtw\u00e4chters T\u00e4tigkeit, w\u00e4hrend drau\u00dfen in dunkler Winternacht die Pistolen und Karabiner immer lauter knallten. Zudem erschien jetzt auch noch der Polizist und machte dem B\u00fcrgermeister Meldung \u00fcber das Fehlen des Nachtw\u00e4chters.&quot;},{&quot;name&quot;:&quot;insertParagraph&quot;,&quot;start&quot;:[21],&quot;attrs&quot;:{&quot;paragraph&quot;:{&quot;indentLeft&quot;:-499,&quot;indentRight&quot;:-576}}},{&quot;name&quot;:&quot;insertText&quot;,&quot;start&quot;:[21,0],&quot;text&quot;:&quot;Jetzt mu\u00dfte die Obrigkeit einschreiten. Herr Britten begab sich zum Tisch, wo Michel ganz allein vor sich hind\u00f6ste: \\&quot;Hohnecker, Sie gehen jetzt sofort ihrem Dienst nach und unterlassen das Trinken!\\&quot;, war der Befehl des B\u00fcrgermeisters. Michel sah denselben mit seinen pfiffigen Schweins\u00e4uglein an, bleib ruhig sitzen und -- schwieg.&quot;},{&quot;name&quot;:&quot;insertParagraph&quot;,&quot;start&quot;:[22],&quot;attrs&quot;:{&quot;paragraph&quot;:{&quot;indentLeft&quot;:-499,&quot;indentRight&quot;:-576}}},{&quot;name&quot;:&quot;insertText&quot;,&quot;start&quot;:[22,0],&quot;text&quot;:&quot;Der B\u00fcrgermeister nahm seinen Platz wieder ein in dem Glauben, michel w\u00fcrde sich aufmachen. Aber keineswegs, er bestellte einen neuen Schnaps w\u00e4hrend drau\u00dfen im Dorf die Sch\u00fcsse nicht schweigen wollten. Und wieder befahl der B\u00fcrgermeister: \\&quot;Hohnecker, Sie verlassen aber jetzt sofort das Lokal und sehen drau\u00dfen auf Ordnung!\\&quot;&quot;},{&quot;name&quot;:&quot;insertParagraph&quot;,&quot;start&quot;:[23],&quot;attrs&quot;:{&quot;paragraph&quot;:{&quot;indentLeft&quot;:-499,&quot;indentRight&quot;:-576}}},{&quot;name&quot;:&quot;insertText&quot;,&quot;start&quot;:[23,0],&quot;text&quot;:&quot;Auch hiervon nahm Michel keine weitere Notiz, sondern verabfolgte sich einen kr\u00e4ftigen Schluck. Alle Anwesenden, die Eigenart Michels zur Gen\u00fcge kennend, erwarteten mit Spannung, wie diese Auseinandersetzung zwischen Polizeibeh\u00f6rde und Nachtw\u00e4chter zu Ende gehen sollte, da ert\u00f6nten drau\u00dfen vor der Haust\u00fcr zwei f\u00fcrchterliche Donnerschl\u00e4ge, der \\&quot;Buddinger\\&quot; hatte einen alten Reiterkarabiner abgefeuert, dessen einzelne Bestandteile dem Schrotthaufen der Mariah\u00fctte entnommen und f\u00fcr einen neuen Gebrauch zusammengesetzt waren. Schnell die abgeschossenen L\u00e4ufe zwischen die Scheite des Klafterholzes geschoben, das vor dem Lokale stand, und grinsend betraten einige Burschen die Gaststube.&quot;},{&quot;name&quot;:&quot;insertParagraph&quot;,&quot;start&quot;:[24],&quot;attrs&quot;:{&quot;paragraph&quot;:{&quot;indentLeft&quot;:-499,&quot;indentRight&quot;:-576}}},{&quot;name&quot;:&quot;insertText&quot;,&quot;start&quot;:[24,0],&quot;text&quot;:&quot;Das war Herrn Britten zuviel. \\&quot;Hohnecker\\&quot;, mit drei S\u00e4tzen stand er vor Michel. \\&quot;Zum dritten und letzten Male sage ich Ihnen, verlassen Sie jetzt sofort das Lokal und machen Sie Ihren Dienst. Im nochmaligen Wiegerungsfalle werden Sie als Nachtw\u00e4chter abgesetzt und Sie d\u00fcrfen auch die Schweine nicht mehr h\u00fcten!\\&quot; Jetzt erwachte Michel aus seiner Lethargie.&quot;},{&quot;name&quot;:&quot;insertParagraph&quot;,&quot;start&quot;:[25],&quot;attrs&quot;:{&quot;paragraph&quot;:{&quot;indentLeft&quot;:-499,&quot;indentRight&quot;:-576}}},{&quot;name&quot;:&quot;insertText&quot;,&quot;start&quot;:[25,0],&quot;text&quot;:&quot;\\&quot;Dann h\u00fctscht Dau se\\&quot;, sagte er, und besch\u00e4ftigte sich mit seinem Branntweinglase, ohne die Androhung seines h\u00f6chsten Vorgesetzten weiter zu beachten. Herr Britten stand sprachlos, sch\u00fcttelte den Kopf und nahm seinen Platz beim alten Oberf\u00f6rster Theisen wieder ein, w\u00e4hrend die Burschen \u00fcber die Abfuhr der Obrigkeit feixten und Michel f\u00fcr die n\u00e4chsten Sunden so mit Schnaps traktierten, da\u00df sie ihn daf\u00fcr aber auch in den fr\u00fchen Morgenstunden des heraufd\u00e4mmernden Neujahrstages auf einer Bahre heimtragen mu\u00dften.&quot;},{&quot;name&quot;:&quot;insertParagraph&quot;,&quot;start&quot;:[26],&quot;attrs&quot;:{&quot;paragraph&quot;:{&quot;indentLeft&quot;:-499,&quot;indentRight&quot;:-576}}},{&quot;name&quot;:&quot;insertText&quot;,&quot;start&quot;:[26,0],&quot;text&quot;:&quot;Michel blieb Nachtw\u00e4chter und Schweinehirt. Es w\u00fcrde zu weit f\u00fchren, alle Anekdoten, die um seine Person rankten, aufzuf\u00fchren. Er starb am 28. Januar 1897. Mit ihm der letzte Nachtw\u00e4chter des Dorfes, denn keines seiner \u00c4mter wurde nach seinem Tode wieder besetzt. Die urw\u00fcchsige Originalit\u00e4t seiner Person sei durch diese Schilderung f\u00fcr kommende Geschlechter festgehalten.&quot;},{&quot;name&quot;:&quot;insertParagraph&quot;,&quot;start&quot;:[27],&quot;attrs&quot;:{&quot;paragraph&quot;:{&quot;indentLeft&quot;:-499,&quot;indentRight&quot;:-576}}},{&quot;name&quot;:&quot;insertParagraph&quot;,&quot;start&quot;:[28],&quot;attrs&quot;:{&quot;paragraph&quot;:{&quot;indentLeft&quot;:-499,&quot;indentRight&quot;:-576}}}]\" data-ox-origin=\"io.ox\/office\/text\/ooxml\" data-ox-origin-id=\"hidrive:\/\/1\/b1515570426\\.1172.hidrive:\/\/1\/b1515570426\\.1172\/b1515570426\\.1175\"><span style=\"font-family: tahoma, arial, helvetica, sans-serif;\"><span lang=\"de-DE\">&#8222;<\/span><span class=\"spellerror\" lang=\"de-DE\">Fritze<\/span><span lang=\"de-DE\"> Michel&#8220;, der letzte Nachtw\u00e4chter<\/span><\/span><\/h2>\n<h4 style=\"text-align: center;\"><span style=\"font-family: tahoma, arial, helvetica, sans-serif;\"><span lang=\"de-DE\">Ein vergessenes <\/span><span class=\"spellerror\" lang=\"de-DE\">Nonnweiler<\/span><span lang=\"de-DE\"> Original<\/span><\/span><\/h4>\n<p style=\"text-align: center;\"><span lang=\"de-DE\" style=\"font-family: tahoma, arial, helvetica, sans-serif;\">von Franz Johann<\/span><\/p>\n<p>&nbsp;<\/p>\n<p><span style=\"font-family: tahoma, arial, helvetica, sans-serif; font-size: 16px;\"><span lang=\"de-DE\">Die \u00e4ltere Generation hat ihn noch gut gekannt, diese <\/span><span class=\"spellerror\" lang=\"de-DE\">klobige<\/span><span lang=\"de-DE\"> vierschr\u00f6tige Gestalt mit dem breiten R\u00fccken, mit den wuchtigen F\u00e4usten, welche die Gewalt <\/span><span class=\"spellerror\" lang=\"de-DE\">eines<\/span><span lang=\"de-DE\"> Schraubstockes hatten, dazu das gutm\u00fctige Gesicht, in dem ein paar lebhafte <\/span><span class=\"spellerror\" lang=\"de-DE\">\u00c4uglein<\/span><span lang=\"de-DE\"> pfiffig in die Welt hinaus lugten. Wenn die Alten sich vergangener Zeiten erinnern, oder man entsinnt sich der Jugendjahre, \u00a0immer wieder kommt <\/span><span class=\"spellerror\" lang=\"de-DE\">man<\/span><span lang=\"de-DE\"> auf ihn zu sprechen, denn in der letzten H\u00e4lfte des vergangenen Jahrhunderts war &#8222;<\/span><span class=\"spellerror\" lang=\"de-DE\">Fritze<\/span><span lang=\"de-DE\"> Michel&#8220; f\u00fcr <\/span><span class=\"spellerror\" lang=\"de-DE\">Nonnweiler<\/span><span lang=\"de-DE\"> ein Begriff.<\/span><\/span><\/p>\n<p><span style=\"font-family: tahoma, arial, helvetica, sans-serif; font-size: 16px;\"><span lang=\"de-DE\">Sein richtiger Name lautete Michel <\/span><span class=\"spellerror\" lang=\"de-DE\">Hohnecker.<\/span><span lang=\"de-DE\"> Sein Vater, Fritz <\/span><span class=\"spellerror\" lang=\"de-DE\">Hohnecker<\/span><span lang=\"de-DE\">, geb\u00fcrtig aus <\/span><span class=\"spellerror\" lang=\"de-DE\">Templin<\/span><span lang=\"de-DE\"> (Brandenburg), von welchem Michel seine Originalit\u00e4t geerbt hatte, war als junger Bursche in einem <\/span><span class=\"spellerror\" lang=\"de-DE\">Heerestross<\/span><span lang=\"de-DE\">\u00a0der <\/span><span class=\"spellerror\" lang=\"de-DE\">Bl\u00fccherarmee<\/span><span lang=\"de-DE\"> 1794 mit nach Frankreich gezogen. Nach dem R\u00fcckzug desselben \u00fcber den Rhein blieb der junge <\/span><span class=\"spellerror\" lang=\"de-DE\">Hohnecker<\/span><span lang=\"de-DE\"> in <\/span><span class=\"spellerror\" lang=\"de-DE\">Nonnweiler<\/span><span lang=\"de-DE\"> h\u00e4ngen. Nach einer bestimmten Zeit, in welcher er sich als Tagel\u00f6hner recht und schlecht durchschlug, \u00fcbertrugen ihm die Bauern das H\u00fcten der Herden, so <\/span><span class=\"spellerror\" lang=\"de-DE\">dass<\/span><span lang=\"de-DE\">\u00a0der Gr\u00fcndung einer Familie nichts mehr im Wege stand.<\/span><\/span><\/p>\n<p><span style=\"font-family: tahoma, arial, helvetica, sans-serif; font-size: 16px;\"><span lang=\"de-DE\">Auch Michel als der \u00e4lteste <\/span><span class=\"spellerror\" lang=\"de-DE\">Spross<\/span><span lang=\"de-DE\">\u00a0dieser Ehe wurde Hirte. Er teilte sich mit seinem Vater in diesen Beruf und verlebte stille und geruhsame Stunden in der Einsamkeit des &#8222;<\/span><span class=\"spellerror\" lang=\"de-DE\">Nonnweiler<\/span><span lang=\"de-DE\"> Wildlandes&#8220; und auf dem &#8222;<\/span><span class=\"spellerror\" lang=\"de-DE\">Hascheid<\/span><span lang=\"de-DE\">&#8222;.\u00a0<\/span><\/span><\/p>\n<p><span style=\"font-family: tahoma, arial, helvetica, sans-serif; font-size: 16px;\"><span lang=\"de-DE\">Doch auch ihn ergriff in der Not der damaligen Auswanderungsjahre das Reisefieber. Gleich vielen anderen betete er sein letztes Vaterunser auf dem Heimatboden vor dem alten <\/span><span class=\"spellerror\" lang=\"de-DE\">Hubertuskreuz<\/span><span lang=\"de-DE\">, um dann als junger Mann von einigen zwanzig Jahren den Fu\u00dfmarsch nach dem alten Antwerpen und damit die \u00dcberfahrt nach Amerika anzutreten.<\/span><\/span><\/p>\n<p><span style=\"font-family: tahoma, arial, helvetica, sans-serif; font-size: 16px;\"><span lang=\"de-DE\">Doch die Anwesenheit in der &#8222;neuen Welt&#8220; sollte f\u00fcr Michel nicht von allzu langer Dauer sein; nach einem halben Jahr landete er wieder in der Heimat. Die Gr\u00fcnde zu dieser baldigen R\u00fcckkehr m\u00f6gen verschiedener Art gewesen sein; jedenfalls hat das Heimweh eine wesentliche Rolle dabei gespielt. \u00dcber die Ursache seiner baldigen R\u00fcckkehr befragt, gab Michel die <\/span><span class=\"spellerror\" lang=\"de-DE\">Antwort<\/span><span lang=\"de-DE\">: &#8222;<\/span><span class=\"spellerror\" lang=\"de-DE\">Joo<\/span><span lang=\"de-DE\">, et war dort alles gutt und scheen, <\/span><span class=\"spellerror\" lang=\"de-DE\">awer<\/span> <span class=\"spellerror\" lang=\"de-DE\">&#8211;<\/span><span lang=\"de-DE\">\u00a0et war k\u00e4\u00e4 <\/span><span class=\"spellerror\" lang=\"de-DE\">Hoschelt<\/span><span lang=\"de-DE\"> (<\/span><span class=\"spellerror\" lang=\"de-DE\">Hascheid<\/span><span lang=\"de-DE\">) <\/span><span class=\"spellerror\" lang=\"de-DE\">do<\/span><span lang=\"de-DE\">!&#8220; Er teilte sich wieder mit seinem Vater in den Hirtenberuf und wurde zudem am 1.April 1854 von der Gemeinde als Nachtw\u00e4chter angestellt, wor\u00fcber die Niederschrift der Gemeinderatssitzung des gleichen Tages <\/span><span class=\"spellerror\" lang=\"de-DE\">Aufschluss<\/span><span lang=\"de-DE\">\u00a0gibt.<\/span><\/span><\/p>\n<p><span style=\"font-family: tahoma, arial, helvetica, sans-serif; font-size: 16px;\"><span lang=\"de-DE\">Der unter dem Vorsitz von Ortsvorsteher <\/span><span class=\"spellerror\" lang=\"de-DE\">Junk<\/span><span lang=\"de-DE\"> versammelte Gemeinderat: &#8222;In Erw\u00e4gung, <\/span><span class=\"spellerror\" lang=\"de-DE\">dass<\/span><span lang=\"de-DE\">\u00a0der Nachtw\u00e4chter <\/span><span class=\"spellerror\" lang=\"de-DE\">Feit<\/span> <span class=\"spellerror\" lang=\"de-DE\">hierselbst<\/span><span lang=\"de-DE\"> seine Stelle gem\u00e4\u00df Protokollerkl\u00e4rung vom 30.Februar dieses Jahres freiwillig niedergelegt hat, daher eine <\/span><span class=\"spellerror\" lang=\"de-DE\">anderweitige<\/span><span lang=\"de-DE\"> Besetzung dieser Stelle n\u00f6tig ist, schl\u00e4gt zu dieser Stelle den im Lesen und Schreiben hinreichend erfahrenen und auch energischen Michel <\/span><span class=\"spellerror\" lang=\"de-DE\">Hohnecker<\/span><span lang=\"de-DE\">, 37 Jahre alt, Tagel\u00f6hner zu <\/span><span class=\"spellerror\" lang=\"de-DE\">Nonnweiler<\/span><span lang=\"de-DE\">, vor, gegen ein j\u00e4hrliches Gehalt von 20 <\/span><span class=\"spellerror\" lang=\"de-DE\">Thalern<\/span><span lang=\"de-DE\">, unter der Bedingung, <\/span><span class=\"spellerror\" lang=\"de-DE\">dass<\/span><span lang=\"de-DE\">\u00a0er auf dreimonatliche K\u00fcndigung angestellt werde. Das Gehalt soll er von heute an von wo ab er dieses Amt provisorisch \u00fcbernommen hat, beziehen.&#8220;<\/span><\/span><\/p>\n<p><span style=\"font-family: tahoma, arial, helvetica, sans-serif; font-size: 16px;\"><span lang=\"de-DE\">Michel war jetzt in seinem Hauptberuf Nachtw\u00e4chter, nebenberuflich <\/span><span class=\"spellerror\" lang=\"de-DE\">Hirt.<\/span><span lang=\"de-DE\"> Zu seinen Pflichten geh\u00f6rten vor allem seine n\u00e4chtlichen Rundg\u00e4nge von nachts 11.00 Uhr bis morgens 4.00 Uhr. Da die D\u00f6rfer unserer Heimat damals durchweg nur das Strohdach kannten, hatte er vor allem auf <\/span><span class=\"break-above-span\" lang=\"de-DE\">Brand zu achten. Auch f\u00fcr Ruhe und Ordnung in <\/span><span class=\"break-above-span spellerror\" lang=\"de-DE\">nachtschlafender<\/span><span class=\"break-above-span\" lang=\"de-DE\"> Zeit war er mitverantwortlich. Dann hatte er auf seinem Rundgang die Stunden kundzutun mit einem Pfiff auf seiner Trillerpfeife. Die Stellen, an welchen dieser Pfiff zu erfolgen hatte, waren genau festgelegt. Der erste Pfiff erfolgte an der Kurve &#8222;Unter der Fels&#8220;, der zweite vor dem Pfarrhaus, der dritte im heutigen <\/span><span class=\"break-above-span spellerror\" lang=\"de-DE\">M\u00fchlenweg<\/span><span class=\"break-above-span\" lang=\"de-DE\"> beim Hause Frank (Gisbert Heib), der vierte &#8222;Auf der Geig&#8220; beim alten Gasthaus <\/span><span class=\"break-above-span spellerror\" lang=\"de-DE\">Hower<\/span><span class=\"break-above-span\" lang=\"de-DE\">, der f\u00fcnfte in der <\/span><span class=\"break-above-span spellerror\" lang=\"de-DE\">Trierer<\/span><span class=\"break-above-span\" lang=\"de-DE\"> Stra\u00dfe beim Kloster und der sechste und somit letzte in der Dorfmitte vor dem heutigen Gasthaus Lauer. Damit war der erste Rundgang beendet. Um 12.00 Uhr erfolgte die zweite Runde mit zwei Pfiffen an den vorgenannten Stellen und so fort jede Stunde bis 4.00 Uhr <\/span><span class=\"break-above-span spellerror\" lang=\"de-DE\">morgens mit<\/span><span class=\"break-above-span\" lang=\"de-DE\"> dem Unterschiede, <\/span><span class=\"break-above-span spellerror\" lang=\"de-DE\">dass<\/span><span class=\"break-above-span\" lang=\"de-DE\">\u00a0um 1.00 Uhr wieder mit einem Pfiff begonnen wurde und dann nach den folgenden Stunden die betreffenden Pfiffe erfolgten. Michel erledigte gewissenhaft seine Aufgaben, am Tag bei seiner Schweineherde auf dem <\/span><span class=\"break-above-span spellerror\" lang=\"de-DE\">Hascheid<\/span><span class=\"break-above-span\" lang=\"de-DE\"> und auf der <\/span><span class=\"break-above-span spellerror\" lang=\"de-DE\">Trift<\/span><span class=\"break-above-span\" lang=\"de-DE\"> in der &#8222;Kellerbach&#8220;, nachts auf seinem dienstlichen Rundgang. Au\u00dferdem hatte man ihm das Amt des Abdeckers \u00fcbertragen und jeder Fuchs , den F\u00f6rster <\/span><span class=\"break-above-span spellerror\" lang=\"de-DE\">Laudes<\/span><span class=\"break-above-span\" lang=\"de-DE\"> im Winter erledigte, wurde von Michel seines Pelzes entkleidet. F\u00fcr den sogenannten Fuchskern hatte er aber eine besondere Verwendung. Er hing diese an einer Kette drei Tage und N\u00e4chte in die winterlich-kalten Fluten des <\/span><span class=\"break-above-span spellerror\" lang=\"de-DE\">Primsbaches.<\/span><span class=\"break-above-span\" lang=\"de-DE\"> Durch diese Behandlung wurde dem Fuchs der <\/span><span class=\"break-above-span spellerror\" lang=\"de-DE\">Ranzgeruch<\/span><span class=\"break-above-span\" lang=\"de-DE\"> vollst\u00e4ndig entzogen. Er gab dann f\u00fcr Michel und seine Familie einen k\u00f6stlich duftenden Braten ab.<\/span><\/span><\/p>\n<p><span lang=\"de-DE\" style=\"font-family: tahoma, arial, helvetica, sans-serif; font-size: 16px;\">Auch machte Michel manche dienstlichen G\u00e4nge nach ausw\u00e4rts. \u00dcber einen dieser Art ist nach m\u00fcndlicher \u00dcberlieferung folgendes berichtet: &#8222;Michel war im Auftrag des damaligen Amtsb\u00fcrgermeisters Junk nach Hermeskeil. Gleichzeitig sollte er dort mehrere private Kommissionen mit diesem Gang erledigen. So sollte er dem Gastwirt Dellwing (Vorbesitzer des Gasthauses Lauer) zwei Kr\u00fcge mit Branntwein aus der dortigen Brennerei Weber mitbringen. Die Frau des Amtsb\u00fcrgermeisters hatte ihm den Auftrag gegeben, die gest\u00e4rkten wei\u00dfen Hauben mitzubringen, welche f\u00fcr sie, f\u00fcr die Schwester Suse des Pfarrer Mergens und f\u00fcr verschiedene andere B\u00fcrgersfrauen bestimmt waren. Denn es war einige Tage vor dem 3. November, Hubertuskirmes, und nach der damaligen Tracht geh\u00f6rte die gest\u00e4rkte, wei\u00dfe Haube zum Festkleid. Michel, immer zuverl\u00e4ssig, hatte alle Auftr\u00e4ge in Hermeskeil erledigt. Auf dem Heimwege wollte er dann die Branntweinkr\u00fcge in der Brennerei Weber, die am Ausgang des Ortes lag, mitnehmen. Gesagt, getan. Aber der Aufenthalt in der Brennerei blieb nicht ohne Folgen. Schwankend, mit schwerer &#8222;Schlagseite&#8220;, verlie\u00df Michel den gastlichen Ort. An einem Strick baumelten \u00fcber die Schulter die beiden Kr\u00fcge, einer vorn, einer hinten. In der Hand eine gro\u00dfe T\u00fcte mit einem Dutzend wei\u00dfer, gest\u00e4rkter Festtagshauben, so verlie\u00df Michel Hermeskeil.<\/span><\/p>\n<p><span style=\"font-family: tahoma, arial, helvetica, sans-serif; font-size: 16px;\"><span lang=\"de-DE\">Alles ging gut durch den <\/span><span class=\"spellerror\" lang=\"de-DE\">Hermeskeiler<\/span><span lang=\"de-DE\"> Wald, bis die H\u00f6he oberhalb von <\/span><span class=\"spellerror\" lang=\"de-DE\">Nonnweiler<\/span><span lang=\"de-DE\"> erreicht war. Brausend warf sich hier der Nordweststurm Michel entgegen. Im Torkeln und Schwanken von einer Stra\u00dfenseite zur anderen schlugen die am Strick baumelnden Branntweinkr\u00fcge mit einem lauten &#8222;Krach&#8220; zusammen. Scherben splitterten auf der Stra\u00dfe, die beiden <\/span><span class=\"spellerror\" lang=\"de-DE\">Kr\u00fcge<\/span><span lang=\"de-DE\"> waren zerbrochen. Entsetzen str\u00e4ubte <\/span><span class=\"spellerror\" lang=\"de-DE\">Michels<\/span><span lang=\"de-DE\"> Haar, und gerade in diesem f\u00fcrchterlichen Augenblick entf\u00fchrte der Sturm die T\u00fcte mit den zw\u00f6lf Hauben. Jetzt aber erwachte in Michel das <\/span><span class=\"spellerror\" lang=\"de-DE\">Bewusstsein.<\/span><span lang=\"de-DE\"> In langen Spr\u00fcngen jagte er der T\u00fcte nach, die inzwischen den gr\u00f6\u00dften Teil ihres Inhaltes dem Winde preisgegeben und \u00fcber die Sturz\u00e4cker verstreut hatte. Aber Michel ruhte und rastete nicht eher, bis er auch die letzte der fl\u00fcchtenden Hauben wieder eingefangen und mit seiner <\/span><span class=\"spellerror\" lang=\"de-DE\">klobigen<\/span><span lang=\"de-DE\"> Faust an ihren urspr\u00fcnglichen Platz in der T\u00fcte <\/span><span class=\"spellerror\" lang=\"de-DE\">zur\u00fcckbef\u00f6rdert<\/span><span class=\"\" lang=\"de-DE\"> hatte. In welchem Zustand, das war eine andere Frage. Aber mit Seelenruhe lieferte er bei der Frau B\u00fcrgermeister die T\u00fcte mit den Hauben und die dazu geh\u00f6rende Liste der Empf\u00e4nger ab und nahm das Trinkgeld einen Taler in Empfang, den er aber sofort beim Gastwirt <\/span><span class=\"spellerror\" lang=\"de-DE\">Dellwing<\/span><span class=\"\" lang=\"de-DE\"> in Zahlung gab f\u00fcr die verungl\u00fcckten Branntweinkr\u00fcge. Jedenfalls ist eines fest verb\u00fcrgt: an diesem fraglichen <\/span><span class=\"spellerror\" lang=\"de-DE\">Hubertustage<\/span><span class=\"\" lang=\"de-DE\"> hat keine der auf diese Art mit wei\u00dfen Hauben belieferten <\/span><span class=\"spellerror\" lang=\"de-DE\">B\u00fcrgersfrauen<\/span><span class=\"\" lang=\"de-DE\"> die althergebrachte, festliche Kopfbedeckung getragen.<\/span><\/span><\/p>\n<p><span style=\"font-family: tahoma, arial, helvetica, sans-serif; font-size: 16px;\"><span class=\"\" lang=\"de-DE\">Und wieder einmal war <\/span><span class=\"spellerror\" lang=\"de-DE\">Hubertustag<\/span><span class=\"spellerror\" lang=\"de-DE\">.<\/span><span class=\"\" lang=\"de-DE\"> Am zweiten Feiertage, dem <\/span><span class=\"spellerror\" lang=\"de-DE\">Kirmesmontag<\/span><span class=\"\" lang=\"de-DE\">, sa\u00df Michel in der Gastwirtschaft <\/span><span class=\"spellerror\" lang=\"de-DE\">Haubert (Siverens)<\/span><span class=\"\" lang=\"de-DE\">, der heutigen <\/span><span class=\"spellerror\" lang=\"de-DE\">Hubertussch\u00e4nke<\/span><span class=\"\" lang=\"de-DE\">, und trank Branntwein. Dabei sei ausdr\u00fccklich hier betont, <\/span><span class=\"spellerror\" lang=\"de-DE\">dass<\/span><span class=\"\" lang=\"de-DE\">\u00a0Michel kein Gewohnheitstrinker war, nur ab und zu hatte er eben &#8222;seinen Tag&#8220;. Schon mehrere Male hatte der Wirt ihm das leere &#8222;<\/span><span class=\"spellerror\" lang=\"de-DE\">Knup<\/span><span class=\"spellerror\" lang=\"de-DE\">penglas<\/span><span class=\"\" lang=\"de-DE\">&#8220; gef\u00fcllt, als in dem Trubel der allgemeinen Feststimmung ein spindeld\u00fcrres M\u00e4nnchen auftauchte, welches sich als Kartenschl\u00e4ger produzierte und, die Gelegenheit ausnutzend, sich einige Groschen zu verdienen gedachte. Nachdem der Kartenschl\u00e4ger unter vielem Hallo der anwesenden Burschen diesen die vermeintliche Wahrheit aus den aufgedeckten Karten gesagt hatte, machte einer aus der Runde den Vorschlag, auch einmal dem &#8222;Vetter Michel&#8220; die Karte zu schlagen.<\/span><\/span><\/p>\n<p><span style=\"font-family: tahoma, arial, helvetica, sans-serif; font-size: 16px;\"><span class=\"\" lang=\"de-DE\">Gespannt verfolgten alle Anwesenden den nun kommenden Vorgang. Was w\u00fcrde wohl dabei <\/span><span class=\"break-above-span\" lang=\"de-DE\">herauskommen und das war wohl die Hauptsache: Wie w\u00fcrde Michel auf die Weissagung des Kartenschl\u00e4gers reagieren ?<\/span><\/span><\/p>\n<p><span style=\"font-family: tahoma, arial, helvetica, sans-serif; font-size: 16px;\"><span class=\"\" lang=\"de-DE\">Beide sa\u00dfen sich gegen\u00fcber. <\/span><span class=\"spellerror\" lang=\"de-DE\">Nachdem<\/span><span class=\"\" lang=\"de-DE\"> die Karten zum ersten Male gemischt und ausgebreitet waren, verk\u00fcndete das spindeld\u00fcrre M\u00e4nnchen: &#8222;Sie werden ein sehr hohes Alter erreichen!&#8220;<\/span><\/span><\/p>\n<p><span style=\"font-family: tahoma, arial, helvetica, sans-serif; font-size: 16px;\"><span class=\"\" lang=\"de-DE\">&#8222;Prost <\/span><span class=\"spellerror\" lang=\"de-DE\">Comp<\/span><span class=\"spellerror\" lang=\"de-DE\">\u00e8re<\/span><span class=\"\" lang=\"de-DE\">&#8222;, sagte Michel, ein Ausdruck, der heute noch in <\/span><span class=\"spellerror\" lang=\"de-DE\">Nonnweiler<\/span><span class=\"\" lang=\"de-DE\"> gebr\u00e4uchlich ist und soviel bedeutet wie <\/span><span class=\"spellerror\" lang=\"de-DE\">Gevatter<\/span><span class=\"\" lang=\"de-DE\">, Bursche. (Franz\u00f6sisch Compere = Kumpel oder Freund).<\/span><\/span><\/p>\n<p><span style=\"font-family: tahoma, arial, helvetica, sans-serif; font-size: 16px;\"><span class=\"\" lang=\"de-DE\">Das zweite Aufdecken ergab das Resultat: &#8222;Sie werden eine gro\u00dfe Erbschaft machen und sehr reich werden!&#8220; &#8222;Prost <\/span><span class=\"spellerror\" lang=\"de-DE\">Comp<\/span><span class=\"spellerror\" lang=\"de-DE\">\u00e8re<\/span><span class=\"\" lang=\"de-DE\">&#8222;, war <\/span><span class=\"spellerror\" lang=\"de-DE\">Michels<\/span><span class=\"\" lang=\"de-DE\"> Antwort und &#8222;<\/span><span class=\"spellerror\" lang=\"de-DE\">Geff<\/span><span class=\"\" lang=\"de-DE\">\u00a0meinem <\/span><span class=\"spellerror\" lang=\"de-DE\">Comp<\/span><span class=\"spellerror\" lang=\"de-DE\">\u00e8re<\/span><span class=\"\" lang=\"de-DE\"> e Schnaps&#8220;, sich an den Wirt wendend.<\/span><\/span><\/p>\n<p><span style=\"font-family: tahoma, arial, helvetica, sans-serif; font-size: 16px;\"><span class=\"\" lang=\"de-DE\">&#8222;Aber&#8220;, sagte das M\u00e4nnchen, und deckte zum dritten Male die Karten auf, &#8222;aber Sie werden vor Ihrer Frau sterben!&#8220; Das h\u00e4tte nach der reichen Erbschaft nicht kommen d\u00fcrfen. &#8222;<\/span><span class=\"spellerror\" lang=\"de-DE\">Eweil<\/span> <span class=\"spellerror\" lang=\"de-DE\">kr<\/span><span class=\"spellerror\" lang=\"de-DE\">i<\/span><span class=\"spellerror\" lang=\"de-DE\">scht<\/span> <span class=\"spellerror\" lang=\"de-DE\">dau<\/span><span class=\"\" lang=\"de-DE\"> mir de Mangel&#8220;, und mit seinen gef\u00fcrchteten Schraubstockf\u00e4usten <\/span><span class=\"spellerror\" lang=\"de-DE\">umgriff<\/span><span class=\"\" lang=\"de-DE\"> Michel den spindeld\u00fcrren Hals seines Gegen\u00fcbers, und wenn die Burschen nicht <\/span><span class=\"spellerror\" lang=\"de-DE\">hinzugesprungen<\/span><span class=\"\" lang=\"de-DE\"> w\u00e4ren und h\u00e4tten mit Gewalt diese F\u00e4uste ge\u00f6ffnet, die Sache w\u00fcrde ein b\u00f6ses Ende genommen haben. Eilig raffte das Kartenm\u00e4nnchen seine Bilder zusammen und verschwand auf Nimmerwiedersehen.<\/span><\/span><\/p>\n<p><span style=\"font-family: tahoma, arial, helvetica, sans-serif; font-size: 16px;\"><span class=\"\" lang=\"de-DE\">Seinen <\/span><span class=\"spellerror\" lang=\"de-DE\">urw\u00fcchsig<\/span><span class=\"spellerror\" lang=\"de-DE\">st<\/span><span class=\"spellerror\" lang=\"de-DE\">en<\/span><span class=\"\" lang=\"de-DE\"> Streich aber beging Michel, als er seinerzeit dem Amtsb\u00fcrgermeister <\/span><span class=\"spellerror\" lang=\"de-DE\">Britten<\/span><span class=\"\" lang=\"de-DE\"> das <\/span><span class=\"spellerror\" lang=\"de-DE\">H\u00fcten<\/span><span class=\"\" lang=\"de-DE\"> der Schweineherde \u00fcbertrug und das war so: Silvesternacht. In jedem Winkel des Dorfes knallten die Pistolen, was den Polizeidiener <\/span><span class=\"spellerror\" lang=\"de-DE\">Barth<\/span><span class=\"\" lang=\"de-DE\"> in begreifliche Aufregung versetzte. Denn dieser war f\u00fcr die Ruhe in dieser Nacht an erster Stelle verantwortlich, die zweite Verantwortung f\u00fcr das n\u00e4chtliche <\/span><span class=\"spellerror\" lang=\"de-DE\">Treiben fiel<\/span><span class=\"\" lang=\"de-DE\"> Michel als Nachtw\u00e4chter zu.<\/span><\/span><\/p>\n<p><span style=\"font-family: tahoma, arial, helvetica, sans-serif; font-size: 16px;\"><span class=\"\" lang=\"de-DE\">Aber, wie sich der Polizist auch abm\u00fchte, der Ruhest\u00f6rer habhaft zu werden, Michel sa\u00df seelenruhig im alten Gasthaus <\/span><span class=\"spellerror\" lang=\"de-DE\">Hower<\/span><span class=\"\" lang=\"de-DE\"> und trank Branntwein, er hatte eben &#8222;seinen Tag&#8220;.<\/span><\/span><\/p>\n<p><span style=\"font-family: tahoma, arial, helvetica, sans-serif; font-size: 16px;\"><span class=\"\" lang=\"de-DE\">Auch Amtsb\u00fcrgermeister <\/span><span class=\"spellerror\" lang=\"de-DE\">Britten<\/span><span class=\"\" lang=\"de-DE\"> hatte im gleichen Lokal Platz genommen und beobachtete <\/span><span class=\"spellerror\" lang=\"de-DE\">sti<\/span><span class=\"spellerror\" lang=\"de-DE\">r<\/span><span class=\"spellerror\" lang=\"de-DE\">nrunzelnd<\/span><span class=\"\" lang=\"de-DE\"> seines Nachtw\u00e4chters T\u00e4tigkeit, w\u00e4hrend drau\u00dfen in dunkler Winternacht die Pistolen und Karabiner immer lauter knallten. Zudem erschien jetzt auch noch der Polizist und machte dem B\u00fcrgermeister Meldung \u00fcber das Fehlen des Nachtw\u00e4chters.<\/span><\/span><\/p>\n<p><span style=\"font-family: tahoma, arial, helvetica, sans-serif; font-size: 16px;\"><span class=\"\" lang=\"de-DE\">Jetzt <\/span><span class=\"spellerror\" lang=\"de-DE\">musste<\/span><span class=\"\" lang=\"de-DE\"> die Obrigkeit einschreiten. Herr <\/span><span class=\"spellerror\" lang=\"de-DE\">Britten<\/span><span class=\"\" lang=\"de-DE\"> begab sich zum Tisch, wo Michel ganz allein vor sich <\/span><span class=\"spellerror\" lang=\"de-DE\">hind\u00f6ste<\/span><span class=\"\" lang=\"de-DE\">: &#8222;<\/span><span class=\"spellerror\" lang=\"de-DE\">Hohnecker<\/span><span class=\"\" lang=\"de-DE\">, Sie gehen jetzt sofort ihrem Dienst nach und unterlassen das Trinken!&#8220;, war der Befehl des B\u00fcrgermeisters. Michel sah denselben mit seinen pfiffigen <\/span><span class=\"spellerror\" lang=\"de-DE\">Schweins\u00e4uglein<\/span><span class=\"\" lang=\"de-DE\"> an, bleib ruhig sitzen und<\/span><span class=\"\" lang=\"de-DE\">\u00a0schwieg.<\/span><\/span><\/p>\n<p><span style=\"font-family: tahoma, arial, helvetica, sans-serif; font-size: 16px;\"><span class=\"\" lang=\"de-DE\">Der B\u00fcrgermeister nahm seinen Platz wieder ein in dem Glauben, M<\/span><span class=\"spellerror\" lang=\"de-DE\">ichel<\/span><span class=\"\" lang=\"de-DE\"> w\u00fcrde sich aufmachen. Aber keineswegs, er bestellte einen neuen Schnaps w\u00e4hrend drau\u00dfen im Dorf die Sch\u00fcsse nicht schweigen wollten. Und wieder befahl der B\u00fcrgermeister: &#8222;<\/span><span class=\"spellerror\" lang=\"de-DE\">Hohnecker<\/span><span class=\"\" lang=\"de-DE\">, Sie verlassen aber jetzt sofort das Lokal und sehen drau\u00dfen auf Ordnung!&#8220;<\/span><\/span><\/p>\n<p><span style=\"font-family: tahoma, arial, helvetica, sans-serif; font-size: 16px;\"><span class=\"\" lang=\"de-DE\">Auch hiervon nahm Michel keine weitere Notiz, sondern verabfolgte sich einen kr\u00e4ftigen Schluck. Alle Anwesenden, die Eigenart <\/span><span class=\"spellerror\" lang=\"de-DE\">Michels<\/span><span class=\"\" lang=\"de-DE\"> zur Gen\u00fcge kennend, erwarteten mit Spannung, wie diese Auseinandersetzung zwischen Polizeibeh\u00f6rde und Nachtw\u00e4chter zu Ende gehen sollte, da ert\u00f6nten drau\u00dfen vor der Haust\u00fcr zwei f\u00fcrchterliche Donnerschl\u00e4ge, der &#8222;<\/span><span class=\"spellerror\" lang=\"de-DE\">Buddinger<\/span><span class=\"\" lang=\"de-DE\">&#8220; hatte einen alten Reiterkarabiner abgefeuert, dessen einzelne Bestandteile dem Schrotthaufen der <\/span><span class=\"spellerror\" lang=\"de-DE\">Mariah\u00fctte<\/span> <span class=\"break-above-span\" lang=\"de-DE\">entnommen und f\u00fcr einen neuen Gebrauch zusammengesetzt waren. Schnell die abgeschossenen L\u00e4ufe zwischen die Scheite des <\/span><span class=\"spellerror\" lang=\"de-DE\">Klafterholzes<\/span><span class=\"\" lang=\"de-DE\"> geschoben, das vor dem Lokale stand, und grinsend betraten einige Burschen die Gaststube.<\/span><\/span><\/p>\n<p><span style=\"font-family: tahoma, arial, helvetica, sans-serif; font-size: 16px;\"><span class=\"\" lang=\"de-DE\">Das war Herrn <\/span><span class=\"spellerror\" lang=\"de-DE\">Britten<\/span> <span class=\"spellerror\" lang=\"de-DE\">zu viel.<\/span><span class=\"\" lang=\"de-DE\"> &#8222;<\/span><span class=\"spellerror\" lang=\"de-DE\">Hohnecker<\/span><span class=\"\" lang=\"de-DE\">&#8222;, mit drei S\u00e4tzen stand er vor Michel. &#8222;Zum dritten und letzten Male sage ich Ihnen, verlassen Sie jetzt sofort das Lokal und machen Sie Ihren Dienst. Im nochmaligen <\/span><span class=\"spellerror\" lang=\"de-DE\">Weigerungsfalle<\/span><span class=\"\" lang=\"de-DE\"> werden Sie als Nachtw\u00e4chter abgesetzt und Sie d\u00fcrfen auch die Schweine nicht mehr h\u00fcten!&#8220; Jetzt erwachte Michel aus seiner Lethargie.<\/span><\/span><\/p>\n<p><span style=\"font-family: tahoma, arial, helvetica, sans-serif; font-size: 16px;\"><span class=\"\" lang=\"de-DE\">&#8222;Dann <\/span><span class=\"spellerror\" lang=\"de-DE\">h\u00fctscht<\/span> <span class=\"spellerror\" lang=\"de-DE\">Dau<\/span> <span class=\"spellerror\" lang=\"de-DE\">se<\/span><span class=\"\" lang=\"de-DE\">&#8222;, sagte er, und besch\u00e4ftigte sich mit seinem <\/span><span class=\"spellerror\" lang=\"de-DE\">Branntweinglase<\/span><span class=\"\" lang=\"de-DE\">, ohne die Androhung seines h\u00f6chsten Vorgesetzten weiter zu beachten. Herr <\/span><span class=\"spellerror\" lang=\"de-DE\">Britten<\/span><span class=\"\" lang=\"de-DE\"> stand sprachlos, sch\u00fcttelte den Kopf und nahm seinen Platz beim alten Oberf\u00f6rster <\/span><span class=\"spellerror\" lang=\"de-DE\">Theisen<\/span><span class=\"\" lang=\"de-DE\"> wieder ein, w\u00e4hrend die Burschen \u00fcber die Abfuhr der Obrigkeit <\/span><span class=\"spellerror\" lang=\"de-DE\">feixten<\/span><span class=\"\" lang=\"de-DE\"> und Michel f\u00fcr die n\u00e4chsten <\/span><span class=\"spellerror\" lang=\"de-DE\">Stunden<\/span><span class=\"\" lang=\"de-DE\"> so mit Schnaps traktierten, <\/span><span class=\"spellerror\" lang=\"de-DE\">dass<\/span><span class=\"\" lang=\"de-DE\">\u00a0sie ihn daf\u00fcr aber auch in den fr\u00fchen Morgenstunden des <\/span><span class=\"spellerror\" lang=\"de-DE\">heraufd\u00e4mmernden<\/span><span class=\"\" lang=\"de-DE\"> Neujahrstages auf einer Bahre <\/span><span class=\"spellerror\" lang=\"de-DE\">heimtragen<\/span> <span class=\"spellerror\" lang=\"de-DE\">muss<\/span><span class=\"spellerror\" lang=\"de-DE\">ten.<\/span><\/span><\/p>\n<p><span style=\"font-family: tahoma, arial, helvetica, sans-serif; font-size: 16px;\"><span class=\"\" lang=\"de-DE\">Michel blieb Nachtw\u00e4chter und <\/span><span class=\"spellerror\" lang=\"de-DE\">Schweinehirt<\/span><span class=\"spellerror\" lang=\"de-DE\">.<\/span><span class=\"\" lang=\"de-DE\"> Es w\u00fcrde zu weit f\u00fchren, alle Anekdoten, die um seine Person rankten, aufzuf\u00fchren. Er starb am 28. Januar 1897. Mit ihm der letzte Nachtw\u00e4chter und Schweinehirt des Dorfes, denn keines seiner \u00c4mter wurde nach seinem Tode wieder besetzt. Die <\/span><span class=\"spellerror\" lang=\"de-DE\">urw\u00fcchsige<\/span><span class=\"\" lang=\"de-DE\"> Originalit\u00e4t seiner Person sei durch diese Schilderung f\u00fcr kommende Geschlechter festgehalten.<\/span><\/span><\/p>\n<p style=\"text-align: center;\"><span style=\"font-size: 16px;\">**************************************************************************************************<\/span><\/p>\n<p><span style=\"font-family: tahoma, arial, helvetica, sans-serif; font-size: 16px;\">Anmerkung: Diese Erz\u00e4hlung \u00fcber &#8222;Fritze Michel&#8220; von Franz Johann (Marlens Franz), wurde erstmals am 25.4.1958 in der &gt;Saarbr\u00fccker Zeitung&lt; ver\u00f6ffentlicht. Sie erschien ebenfalls im Jahrbuch des Landkreises St.Wendel, Ausgabe 1964. Man k\u00f6nnte diese Erz\u00e4hlung auch noch erweitern, durch den Zusatz: &#8222;&#8230;und letzter Schweinehirt von Nonnweiler&#8220;. <\/span><\/p>\n<p><span style=\"font-family: tahoma, arial, helvetica, sans-serif; font-size: 16px;\">Es war fr\u00fcher bei uns in den Hochwaldd\u00f6rfern \u00fcblich, die M\u00e4nner mit Verra (Vetter) und die Frauen mit Vas (Base) anzureden. Sogar die Kinder gebrauchten ihren Eltern gegen\u00fcber nicht die Anrede &gt;Du&lt;, sondern respektvoll &gt;Ihr&lt;. Zum Beispiel: &#8222;Mutter k\u00f6nnt Ihr mir ein St\u00fcck Brot geben?&#8220;. <\/span><\/p>\n<p><span style=\"font-family: tahoma, arial, helvetica, sans-serif; font-size: 16px;\">So bedeutet der Name &#8222;Fritze Verra Michel&#8220; nichts anderes als Herr Michel Fritz. Nein, sein Familienname war nicht Fritz oder Fritze, das war nur sein sogenannter Hausname. So wie ihn auch heute noch viele Familien bei uns tragen. Denn manchmal kennt man einen Menschen besser unter seinem Hausnamen, als unter seinem tats\u00e4chlichen b\u00fcrgerlichen Namen. Der Hausname &gt;Fritze&lt; kam vom Vornamen seines Vaters her, der ja Friedrich, abgek\u00fcrzt Fritz hie\u00df. In Wirklichkeit hie\u00df der &gt;Fritze Verra Michel&lt; , Michael Hohnecker.<\/span><\/p>\n<p><span style=\"font-family: tahoma, arial, helvetica, sans-serif; font-size: 16px;\">Honecker oder Hohnecker, dieser Name klingt vielen von uns allen noch im Ohr. Ja dieser Michel Hohnecker, genannt &gt;Fritze Michel&lt; war der Gro\u00dfvater des einstigen Staatsratsvorsitzenden der DDR, Erich Honecker.<\/span><\/p>\n<p><span style=\"font-family: tahoma, arial, helvetica, sans-serif; font-size: 16px;\">&gt;Fritze Verra Michel&lt; war ein echtes Original und die Geschichten, die Franz Johann von ihm erz\u00e4hlt, sind authentisch und wahrhaft zum schmunzeln. Es gibt aber noch eine \u00e4hnliche Erz\u00e4hlung von Antonius Jost, welche im Band II. der Schrift: &#8222;140 Jahre Amt Nonnweiler&#8220; von 1958 ver\u00f6ffentlich wurde. Diese bezieht sich jedoch auf Friedrich Hohnecker, dem Vater unseres Michel. Vater und Sohn Hohnecker waren wohl aus dem gleichen Holz geschnitzt, weshalb sp\u00e4tere Generationen viele Geschichten vom Vater, wohl auch auf den Sohn \u00fcbertrugen. Daher m\u00f6chte ich auch diese Erz\u00e4hlung nachfolgend hier wiedergeben.\u00a0<\/span><\/p>\n<p>&nbsp;<\/p>\n<table style=\"width: 90.66965320151387%;\">\n<tbody>\n<tr>\n<td style=\"width: 26.799007444168733%;\">&nbsp;<\/p>\n<ul id=\"menu-mega-main\" class=\"menu\"><li id=\"menu-item-1679\" class=\"menu-item menu-item-type-custom menu-item-object-custom menu-item-has-children menu-item-1679\"><a href=\"https:\/\/nonnwella.de\/phtf\/wappen\">\u00dcber Nonnweiler<\/a>\n<ul class=\"sub-menu\">\n\t<li id=\"menu-item-996\" class=\"menu-item menu-item-type-post_type menu-item-object-page menu-item-996\"><a href=\"https:\/\/nonnwella.de\/phtf\/wappen\">Das Wappen<\/a><\/li>\n\t<li id=\"menu-item-1008\" class=\"menu-item menu-item-type-post_type menu-item-object-page menu-item-1008\"><a href=\"https:\/\/nonnwella.de\/phtf\/entstehung\">Entstehungsgeschichte<\/a><\/li>\n\t<li id=\"menu-item-1250\" class=\"menu-item menu-item-type-post_type menu-item-object-page menu-item-1250\"><a href=\"https:\/\/nonnwella.de\/phtf\/gemeindegeschichte\">Geschichte des Ortes<\/a><\/li>\n\t<li id=\"menu-item-1267\" class=\"menu-item menu-item-type-post_type menu-item-object-page menu-item-1267\"><a href=\"https:\/\/nonnwella.de\/phtf\/mittelalterliche-besitzverhaeltnisse\">Mittelalterliche Besitzverh\u00e4ltnisse<\/a><\/li>\n\t<li id=\"menu-item-1266\" class=\"menu-item menu-item-type-post_type menu-item-object-page menu-item-has-children menu-item-1266\"><a href=\"https:\/\/nonnwella.de\/phtf\/stockbauern-und-stockgueter\">Stockbauern &#038; Stockg\u00fcter<\/a>\n\t<ul class=\"sub-menu\">\n\t\t<li id=\"menu-item-2068\" class=\"menu-item menu-item-type-post_type menu-item-object-page menu-item-2068\"><a href=\"https:\/\/nonnwella.de\/phtf\/landwirtschaft-ackerbau\">Landwirtschaft &#038; Ackerbau<\/a><\/li>\n\t\t<li id=\"menu-item-2069\" class=\"menu-item menu-item-type-post_type menu-item-object-page menu-item-2069\"><a href=\"https:\/\/nonnwella.de\/phtf\/bauernstand\">Bauernstand<\/a><\/li>\n\t\t<li id=\"menu-item-2165\" class=\"menu-item menu-item-type-post_type menu-item-object-page menu-item-2165\"><a href=\"https:\/\/nonnwella.de\/phtf\/muehlen-in-nonnweiler\">M\u00fchlengeschichte<\/a><\/li>\n\t<\/ul>\n<\/li>\n\t<li id=\"menu-item-1540\" class=\"menu-item menu-item-type-post_type menu-item-object-page menu-item-has-children menu-item-1540\"><a href=\"https:\/\/nonnwella.de\/phtf\/hauszeichen\">Hauszeichen<\/a>\n\t<ul class=\"sub-menu\">\n\t\t<li id=\"menu-item-1265\" class=\"menu-item menu-item-type-post_type menu-item-object-page menu-item-1265\"><a href=\"https:\/\/nonnwella.de\/phtf\/alt-nonnweiler\">Wer wohnte wo?<\/a><\/li>\n\t<\/ul>\n<\/li>\n\t<li id=\"menu-item-1027\" class=\"menu-item menu-item-type-post_type menu-item-object-page menu-item-has-children menu-item-1027\"><a href=\"https:\/\/nonnwella.de\/phtf\/kriegsgeschichte\">NS Zeit 1933-1945<\/a>\n\t<ul class=\"sub-menu\">\n\t\t<li id=\"menu-item-2469\" class=\"menu-item menu-item-type-post_type menu-item-object-page menu-item-2469\"><a href=\"https:\/\/nonnwella.de\/phtf\/gefallene-vermisste-in-weltkriegen\">Gefallene &#038; Vermisste beider Weltkriege<\/a><\/li>\n\t\t<li id=\"menu-item-1413\" class=\"menu-item menu-item-type-post_type menu-item-object-page menu-item-1413\"><a href=\"https:\/\/nonnwella.de\/phtf\/otto-berg-erinnerungen-1929-1945\">Otto Berg \u2013 Erinnerungen 1929-1945<\/a><\/li>\n\t<\/ul>\n<\/li>\n\t<li id=\"menu-item-4069\" class=\"menu-item menu-item-type-post_type menu-item-object-page menu-item-has-children menu-item-4069\"><a href=\"https:\/\/nonnwella.de\/phtf\/die-franzosen\">Einmarsch der Amerikaner &#038; Die Franzosen als Besatzungsmacht<\/a>\n\t<ul class=\"sub-menu\">\n\t\t<li id=\"menu-item-4079\" class=\"menu-item menu-item-type-post_type menu-item-object-page menu-item-4079\"><a href=\"https:\/\/nonnwella.de\/phtf\/wiedervereinigung\">Wiedervereinigung mit Deutschland<\/a><\/li>\n\t<\/ul>\n<\/li>\n\t<li id=\"menu-item-2043\" class=\"menu-item menu-item-type-post_type menu-item-object-page menu-item-has-children menu-item-2043\"><a href=\"https:\/\/nonnwella.de\/phtf\/schule\">Kindergarten &#038; Schule<\/a>\n\t<ul class=\"sub-menu\">\n\t\t<li id=\"menu-item-2494\" class=\"menu-item menu-item-type-post_type menu-item-object-page menu-item-2494\"><a href=\"https:\/\/nonnwella.de\/phtf\/fotos-kindergarten\">Spass im Kindergarten<\/a><\/li>\n\t\t<li id=\"menu-item-2042\" class=\"menu-item menu-item-type-post_type menu-item-object-page menu-item-2042\"><a href=\"https:\/\/nonnwella.de\/phtf\/klassenfotos\">Klassenfotos<\/a><\/li>\n\t<\/ul>\n<\/li>\n\t<li id=\"menu-item-2650\" class=\"menu-item menu-item-type-post_type menu-item-object-page menu-item-2650\"><a href=\"https:\/\/nonnwella.de\/phtf\/lichterkette\">Lichterkette f\u00fcr den Frieden<\/a><\/li>\n\t<li id=\"menu-item-1015\" class=\"menu-item menu-item-type-post_type menu-item-object-page menu-item-1015\"><a href=\"https:\/\/nonnwella.de\/phtf\/geographie\">Geographie &#038; Geologie<\/a><\/li>\n<\/ul>\n<\/li>\n<li id=\"menu-item-1680\" class=\"menu-item menu-item-type-custom menu-item-object-custom menu-item-has-children menu-item-1680\"><a href=\"https:\/\/nonnwella.de\/phtf\/article\">Ortsansichten<\/a>\n<ul class=\"sub-menu\">\n\t<li id=\"menu-item-631\" class=\"menu-item menu-item-type-post_type menu-item-object-page menu-item-631\"><a href=\"https:\/\/nonnwella.de\/phtf\/article\">Alt Nonnwella auf Postkarten<\/a><\/li>\n\t<li id=\"menu-item-744\" class=\"menu-item menu-item-type-post_type menu-item-object-page menu-item-744\"><a href=\"https:\/\/nonnwella.de\/phtf\/50er\">50er<\/a><\/li>\n\t<li id=\"menu-item-743\" class=\"menu-item menu-item-type-post_type menu-item-object-page menu-item-743\"><a href=\"https:\/\/nonnwella.de\/phtf\/60er\">60er<\/a><\/li>\n\t<li id=\"menu-item-742\" class=\"menu-item menu-item-type-post_type menu-item-object-page menu-item-742\"><a href=\"https:\/\/nonnwella.de\/phtf\/70er\">70er bis heute<\/a><\/li>\n\t<li id=\"menu-item-1095\" class=\"menu-item menu-item-type-post_type menu-item-object-page menu-item-1095\"><a href=\"https:\/\/nonnwella.de\/phtf\/vom-urlaubs-zum-kurort\">Erste Schritte zum Fremdenverkehrsort<\/a><\/li>\n\t<li id=\"menu-item-1815\" class=\"menu-item menu-item-type-post_type menu-item-object-page menu-item-1815\"><a href=\"https:\/\/nonnwella.de\/phtf\/kurhaeuser\">Kurh\u00e4user<\/a><\/li>\n<\/ul>\n<\/li>\n<li id=\"menu-item-1681\" class=\"menu-item menu-item-type-custom menu-item-object-custom menu-item-has-children menu-item-1681\"><a href=\"https:\/\/nonnwella.de\/phtf\/geschichte\">Kirchliches<\/a>\n<ul class=\"sub-menu\">\n\t<li id=\"menu-item-585\" class=\"menu-item menu-item-type-post_type menu-item-object-page menu-item-585\"><a href=\"https:\/\/nonnwella.de\/phtf\/geschichte\">Geschichte<\/a><\/li>\n\t<li id=\"menu-item-629\" class=\"menu-item menu-item-type-post_type menu-item-object-page menu-item-629\"><a href=\"https:\/\/nonnwella.de\/phtf\/innenansicht\">Innenansicht<\/a><\/li>\n\t<li id=\"menu-item-584\" class=\"menu-item menu-item-type-post_type menu-item-object-page menu-item-584\"><a href=\"https:\/\/nonnwella.de\/phtf\/brand-und-wiederaufbau\">Brand &#038; Wiederaufbau<\/a><\/li>\n\t<li id=\"menu-item-583\" class=\"menu-item menu-item-type-post_type menu-item-object-page menu-item-583\"><a href=\"https:\/\/nonnwella.de\/phtf\/fronleichnamsfest\">Fronleichnamsfest<\/a><\/li>\n\t<li id=\"menu-item-581\" class=\"menu-item menu-item-type-post_type menu-item-object-page menu-item-581\"><a href=\"https:\/\/nonnwella.de\/phtf\/primizen\">Primizen<\/a><\/li>\n\t<li id=\"menu-item-801\" class=\"menu-item menu-item-type-post_type menu-item-object-page menu-item-801\"><a href=\"https:\/\/nonnwella.de\/phtf\/100-jahrfeier\">Feierlichkeiten<\/a><\/li>\n\t<li id=\"menu-item-1033\" class=\"menu-item menu-item-type-post_type menu-item-object-page menu-item-1033\"><a href=\"https:\/\/nonnwella.de\/phtf\/pastoere-in-nonnweiler\">Past\u00f6re in Nonnweiler<\/a><\/li>\n\t<li id=\"menu-item-582\" class=\"menu-item menu-item-type-post_type menu-item-object-page menu-item-582\"><a href=\"https:\/\/nonnwella.de\/phtf\/in-schweren-jahren\">In schweren Jahren<\/a><\/li>\n\t<li id=\"menu-item-3269\" class=\"menu-item menu-item-type-post_type menu-item-object-page menu-item-3269\"><a href=\"https:\/\/nonnwella.de\/phtf\/messdiener\">Me\u00dfdiener<\/a><\/li>\n\t<li id=\"menu-item-2649\" class=\"menu-item menu-item-type-post_type menu-item-object-page menu-item-2649\"><a href=\"https:\/\/nonnwella.de\/phtf\/klepperkinder\">Klepperkinder<\/a><\/li>\n<\/ul>\n<\/li>\n<li id=\"menu-item-1682\" class=\"menu-item menu-item-type-custom menu-item-object-custom menu-item-has-children menu-item-1682\"><a href=\"https:\/\/nonnwella.de\/phtf\/ortsverein\">Vereine &#038; Gewerbe<\/a>\n<ul class=\"sub-menu\">\n\t<li id=\"menu-item-2217\" class=\"menu-item menu-item-type-post_type menu-item-object-page menu-item-has-children menu-item-2217\"><a href=\"https:\/\/nonnwella.de\/phtf\/ortsverein\">Ortsvereine<\/a>\n\t<ul class=\"sub-menu\">\n\t\t<li id=\"menu-item-2996\" class=\"menu-item menu-item-type-post_type menu-item-object-page menu-item-2996\"><a href=\"https:\/\/nonnwella.de\/phtf\/ortsverein\">kath. Frauengemeinschaft<\/a><\/li>\n\t\t<li id=\"menu-item-2994\" class=\"menu-item menu-item-type-post_type menu-item-object-page menu-item-2994\"><a href=\"https:\/\/nonnwella.de\/phtf\/kolping-kapelle\">Kolping-Kapelle<\/a><\/li>\n\t\t<li id=\"menu-item-2861\" class=\"menu-item menu-item-type-post_type menu-item-object-page menu-item-2861\"><a href=\"https:\/\/nonnwella.de\/phtf\/hochwaelder-tennisclub-htc\">Hochw\u00e4lder Tennisclub HTC<\/a><\/li>\n\t<\/ul>\n<\/li>\n\t<li id=\"menu-item-2571\" class=\"menu-item menu-item-type-post_type menu-item-object-page menu-item-2571\"><a href=\"https:\/\/nonnwella.de\/phtf\/jaegerheim-beim-hedi\">J\u00e4gerheim (beim Hedi)<\/a><\/li>\n\t<li id=\"menu-item-2651\" class=\"menu-item menu-item-type-post_type menu-item-object-page menu-item-2651\"><a href=\"https:\/\/nonnwella.de\/phtf\/central-filmtheater\">Central-Filmtheater<\/a><\/li>\n<\/ul>\n<\/li>\n<li id=\"menu-item-1683\" class=\"menu-item menu-item-type-custom menu-item-object-custom menu-item-has-children menu-item-1683\"><a href=\"https:\/\/nonnwella.de\/phtf\/schinderhannes\">Erz\u00e4hlungen<\/a>\n<ul class=\"sub-menu\">\n\t<li id=\"menu-item-1040\" class=\"menu-item menu-item-type-post_type menu-item-object-page menu-item-1040\"><a href=\"https:\/\/nonnwella.de\/phtf\/schinderhannes\">Schinderhannes<\/a><\/li>\n\t<li id=\"menu-item-1042\" class=\"menu-item menu-item-type-post_type menu-item-object-page menu-item-1042\"><a href=\"https:\/\/nonnwella.de\/phtf\/die-stockbauern-und-die-einspaennigen\">Die Stockbauern und die Einsp\u00e4nnigen<\/a><\/li>\n\t<li id=\"menu-item-1041\" class=\"menu-item menu-item-type-post_type menu-item-object-page menu-item-1041\"><a href=\"https:\/\/nonnwella.de\/phtf\/fritze-michel\">Fritze Michel<\/a><\/li>\n\t<li id=\"menu-item-1365\" class=\"menu-item menu-item-type-post_type menu-item-object-page menu-item-1365\"><a href=\"https:\/\/nonnwella.de\/phtf\/vetter-fritz\">Vetter Fritz<\/a><\/li>\n\t<li id=\"menu-item-1414\" class=\"menu-item menu-item-type-post_type menu-item-object-page menu-item-1414\"><a href=\"https:\/\/nonnwella.de\/phtf\/fam-honecker\">Saarl\u00e4ndische Begegnung<\/a><\/li>\n<\/ul>\n<\/li>\n<li id=\"menu-item-1684\" class=\"menu-item menu-item-type-custom menu-item-object-custom menu-item-has-children menu-item-1684\"><a href=\"https:\/\/nonnwella.de\/phtf\/medien\">Ausser der Reihe<\/a>\n<ul class=\"sub-menu\">\n\t<li id=\"menu-item-1025\" class=\"menu-item menu-item-type-post_type menu-item-object-page menu-item-1025\"><a href=\"https:\/\/nonnwella.de\/phtf\/medien\">Medien<\/a><\/li>\n\t<li id=\"menu-item-4153\" class=\"menu-item menu-item-type-post_type menu-item-object-page menu-item-4153\"><a href=\"https:\/\/nonnwella.de\/phtf\/drohnenaufnahmen\">Drohnenaufnahmen<\/a><\/li>\n\t<li id=\"menu-item-1523\" class=\"menu-item menu-item-type-post_type menu-item-object-page menu-item-1523\"><a href=\"https:\/\/nonnwella.de\/phtf\/seifenkistenrennen\">Seifenkistenrennen<\/a><\/li>\n\t<li id=\"menu-item-3574\" class=\"menu-item menu-item-type-post_type menu-item-object-page menu-item-3574\"><a href=\"https:\/\/nonnwella.de\/phtf\/archiv-bilder-des-monats\">Archiv \u2013 Bilder des Monats<\/a><\/li>\n\t<li id=\"menu-item-1920\" class=\"menu-item menu-item-type-post_type menu-item-object-page menu-item-1920\"><a href=\"https:\/\/nonnwella.de\/phtf\/wegweiser-mit-geschichte\">Wegweiser mit Geschichte<\/a><\/li>\n\t<li id=\"menu-item-3623\" class=\"menu-item menu-item-type-post_type menu-item-object-page menu-item-3623\"><a href=\"https:\/\/nonnwella.de\/phtf\/wer-weiss-es\">Wer wei\u00df es?<\/a><\/li>\n<\/ul>\n<\/li>\n<\/ul><\/td>\n<td style=\"vertical-align: top; width: 72.20843672456576%;\">&nbsp;<\/p>\n<p>&nbsp;<\/p>\n<p><img decoding=\"async\" class=\"wp-image-2874 size-full aligncenter\" src=\"https:\/\/nonnwella.de\/phtf\/wp-content\/uploads\/2022\/07\/CCI_001489-2.jpg\" alt=\"\" width=\"580\" height=\"405\" srcset=\"https:\/\/nonnwella.de\/phtf\/wp-content\/uploads\/2022\/07\/CCI_001489-2.jpg 580w, https:\/\/nonnwella.de\/phtf\/wp-content\/uploads\/2022\/07\/CCI_001489-2-300x209.jpg 300w\" sizes=\"(max-width: 580px) 100vw, 580px\" \/><\/p>\n<p>&nbsp;<\/p>\n<p>&nbsp;<\/p>\n<p>&nbsp;<\/p>\n<p><img decoding=\"async\" class=\"size-full wp-image-2877 aligncenter\" src=\"https:\/\/nonnwella.de\/phtf\/wp-content\/uploads\/2022\/07\/csm_Heimat_ist_Hunsrueck_Logo_c1c9a14c31.jpg\" alt=\"\" width=\"300\" height=\"286\" \/><\/td>\n<\/tr>\n<\/tbody>\n<\/table>\n","protected":false},"excerpt":{"rendered":"<p>&#8222;Fritze Michel&#8220;, der letzte Nachtw\u00e4chter Ein vergessenes Nonnweiler Original von Franz Johann &nbsp; Die \u00e4ltere Generation hat ihn noch gut gekannt, diese klobige vierschr\u00f6tige Gestalt mit dem breiten R\u00fccken, mit den wuchtigen F\u00e4usten, welche die Gewalt eines Schraubstockes hatten, dazu das gutm\u00fctige Gesicht, in dem ein paar lebhafte \u00c4uglein pfiffig in die Welt hinaus lugten. [&hellip;]<\/p>\n","protected":false},"author":1,"featured_media":0,"parent":0,"menu_order":0,"comment_status":"closed","ping_status":"closed","template":"","meta":{"footnotes":""},"class_list":["post-1036","page","type-page","status-publish","hentry"],"_links":{"self":[{"href":"https:\/\/nonnwella.de\/phtf\/wp-json\/wp\/v2\/pages\/1036","targetHints":{"allow":["GET"]}}],"collection":[{"href":"https:\/\/nonnwella.de\/phtf\/wp-json\/wp\/v2\/pages"}],"about":[{"href":"https:\/\/nonnwella.de\/phtf\/wp-json\/wp\/v2\/types\/page"}],"author":[{"embeddable":true,"href":"https:\/\/nonnwella.de\/phtf\/wp-json\/wp\/v2\/users\/1"}],"replies":[{"embeddable":true,"href":"https:\/\/nonnwella.de\/phtf\/wp-json\/wp\/v2\/comments?post=1036"}],"version-history":[{"count":28,"href":"https:\/\/nonnwella.de\/phtf\/wp-json\/wp\/v2\/pages\/1036\/revisions"}],"predecessor-version":[{"id":2895,"href":"https:\/\/nonnwella.de\/phtf\/wp-json\/wp\/v2\/pages\/1036\/revisions\/2895"}],"wp:attachment":[{"href":"https:\/\/nonnwella.de\/phtf\/wp-json\/wp\/v2\/media?parent=1036"}],"curies":[{"name":"wp","href":"https:\/\/api.w.org\/{rel}","templated":true}]}}