{"id":1020,"date":"2021-08-06T07:22:26","date_gmt":"2021-08-06T07:22:26","guid":{"rendered":"https:\/\/nonnwella.de\/phtf\/?page_id=1020"},"modified":"2025-03-15T10:11:56","modified_gmt":"2025-03-15T10:11:56","slug":"medien","status":"publish","type":"page","link":"https:\/\/nonnwella.de\/phtf\/medien","title":{"rendered":"Medien"},"content":{"rendered":"<h2><span style=\"font-family: tahoma, arial, helvetica, sans-serif;\"><strong><span style=\"font-size: 16px;\">Kneippkuren im Winter (SR Fernsehen vom: 22.02.1962)<\/span><\/strong><br \/>\n<\/span><\/h2>\n\r\n    <div>        \r\n    <video id=\"plyr69f2a504e36b4\" controls class=\"easy-video-player\">\r\n       <source src=\"https:\/\/nonnwella.de\/phtf\/wp-content\/uploads\/2021\/Medien\/Kneippkuren.mp4\" type=\"video\/mp4\" \/>\r\n    <\/video>\r\n    <\/div>    <script>\r\n        const evplayerplyr69f2a504e36b4 = new Plyr(document.getElementById('plyr69f2a504e36b4'));\r\n        evplayerplyr69f2a504e36b4.ratio = '16:9';\r\n        evplayerplyr69f2a504e36b4.iconUrl = 'https:\/\/nonnwella.de\/phtf\/wp-content\/plugins\/easy-video-player\/lib\/plyr.svg';\r\n        evplayerplyr69f2a504e36b4.blankVideo = 'https:\/\/nonnwella.de\/phtf\/wp-content\/plugins\/easy-video-player\/lib\/blank.mp4';  \r\n    <\/script>\n<h2><span style=\"font-family: tahoma, arial, helvetica, sans-serif;\"><strong><span style=\"font-size: 16px;\">Biologische Sch\u00e4dlingsbek\u00e4mpfung durch Vogelschutz (SR Fernsehen vom: 04.06.1965)<\/span><\/strong><\/span><\/h2>\n\r\n    <div>        \r\n    <video id=\"plyr69f2a504e370a\" controls class=\"easy-video-player\">\r\n       <source src=\"https:\/\/nonnwella.de\/phtf\/wp-content\/uploads\/2021\/Medien\/Vogelschutz.mp4\" type=\"video\/mp4\" \/>\r\n    <\/video>\r\n    <\/div>    <script>\r\n        const evplayerplyr69f2a504e370a = new Plyr(document.getElementById('plyr69f2a504e370a'));\r\n        evplayerplyr69f2a504e370a.ratio = '16:9';\r\n        evplayerplyr69f2a504e370a.iconUrl = 'https:\/\/nonnwella.de\/phtf\/wp-content\/plugins\/easy-video-player\/lib\/plyr.svg';\r\n        evplayerplyr69f2a504e370a.blankVideo = 'https:\/\/nonnwella.de\/phtf\/wp-content\/plugins\/easy-video-player\/lib\/blank.mp4';  \r\n    <\/script>\n<h4><span style=\"font-family: tahoma, arial, helvetica, sans-serif;\"><strong><br \/>\nGlockengel\u00e4ut des Hochwalddoms<\/strong><br \/>\n<\/span><\/h4>\n<p><span style=\"font-family: tahoma, arial, helvetica, sans-serif;\"><audio src=\"https:\/\/nonnwella.de\/phtf\/wp-content\/uploads\/2021\/07\/Festgelaeut_Hochwalddom.mp3\" controls=\"controls\"><span data-mce-type=\"bookmark\" style=\"display: inline-block; width: 0px; overflow: hidden; line-height: 0;\" class=\"mce_SELRES_start\">\ufeff<\/span><span style=\"display: inline-block; width: 0px; overflow: hidden; line-height: 0;\" data-mce-type=\"bookmark\" class=\"mce_SELRES_start\">\ufeff<\/span><\/audio><\/span><\/p>\n<p>&nbsp;<\/p>\n<h2><span style=\"font-family: tahoma, arial, helvetica, sans-serif;\"><strong>Peter Frankenfeld im Central-Filmtheater Nonnweiler (Freitag, 20.Mai 1966, 20.00 Uhr) <\/strong><\/span><\/h2>\n<p><span style=\"font-family: tahoma, arial, helvetica, sans-serif;\"><span style=\"font-size: 12px;\"><span style=\"font-size: 14px;\">Der Name der Radiosendung lautete: &#8222;Kleine Stadt &#8211; ganz gro\u00df&#8220;. Ein \u00f6ffentliches Ratespiel mit Lonny Kellner und Peter Frankenfeld\/SR 2.Programm, immer am Samstag um 20.00 Uhr. Ein Aufzeichnung von Manfred Schmitt, der die Sendung damals auf seinem Tonbandger\u00e4t aufzeichnete. Manfred, nochmals herzlichen Dank f\u00fcr dieses tolle Zeitdokument.<\/span>\u00a0 <\/span>\u00a0<a id=\"peter\"><\/a><\/span><\/p>\n<p><span style=\"font-family: tahoma, arial, helvetica, sans-serif;\"><img decoding=\"async\" class=\"alignnone size-full wp-image-3057\" src=\"https:\/\/nonnwella.de\/phtf\/wp-content\/uploads\/2022\/10\/1000892636.jpg\" alt=\"\" width=\"510\" height=\"333\" srcset=\"https:\/\/nonnwella.de\/phtf\/wp-content\/uploads\/2022\/10\/1000892636.jpg 510w, https:\/\/nonnwella.de\/phtf\/wp-content\/uploads\/2022\/10\/1000892636-300x196.jpg 300w\" sizes=\"(max-width: 510px) 100vw, 510px\" \/><\/span><\/p>\n<p><span style=\"font-family: tahoma, arial, helvetica, sans-serif; font-size: 12px;\">* Foto von der Homepage von Peter Frankenfeld.<\/span><\/p>\n<p><span style=\"font-family: tahoma, arial, helvetica, sans-serif;\"><audio src=\"https:\/\/nonnwella.de\/phtf\/wp-content\/uploads\/2021\/Medien\/FRANKENFELD.mp3\" controls=\"controls\"><span data-mce-type=\"bookmark\" style=\"display: inline-block; width: 0px; overflow: hidden; line-height: 0;\" class=\"mce_SELRES_start\">\ufeff<\/span><\/audio><\/span><\/p>\n<h2><span style=\"font-family: tahoma, arial, helvetica, sans-serif;\"><strong>100 Jahre Hochwalddom (Jubil\u00e4umskonzert)<\/strong><a id=\"konzert\"><\/a><\/span><\/h2>\n<p><span style=\"font-family: tahoma, arial, helvetica, sans-serif;\"><img decoding=\"async\" class=\"alignnone wp-image-2696 size-large\" src=\"https:\/\/nonnwella.de\/phtf\/wp-content\/uploads\/2022\/06\/2002-0511-Konzert-Hochwalddom004-3_resized_20220615_063301187-1024x696.jpg\" alt=\"\" width=\"1024\" height=\"696\" srcset=\"https:\/\/nonnwella.de\/phtf\/wp-content\/uploads\/2022\/06\/2002-0511-Konzert-Hochwalddom004-3_resized_20220615_063301187-1024x696.jpg 1024w, https:\/\/nonnwella.de\/phtf\/wp-content\/uploads\/2022\/06\/2002-0511-Konzert-Hochwalddom004-3_resized_20220615_063301187-300x204.jpg 300w, https:\/\/nonnwella.de\/phtf\/wp-content\/uploads\/2022\/06\/2002-0511-Konzert-Hochwalddom004-3_resized_20220615_063301187-768x522.jpg 768w, https:\/\/nonnwella.de\/phtf\/wp-content\/uploads\/2022\/06\/2002-0511-Konzert-Hochwalddom004-3_resized_20220615_063301187-1536x1044.jpg 1536w, https:\/\/nonnwella.de\/phtf\/wp-content\/uploads\/2022\/06\/2002-0511-Konzert-Hochwalddom004-3_resized_20220615_063301187-2048x1393.jpg 2048w\" sizes=\"(max-width: 1024px) 100vw, 1024px\" \/><\/span><\/p>\n<p><span style=\"font-family: tahoma, arial, helvetica, sans-serif;\"><img decoding=\"async\" class=\"alignnone wp-image-2697 size-large\" src=\"https:\/\/nonnwella.de\/phtf\/wp-content\/uploads\/2022\/06\/2002-0511-Konzert-Hochwalddom006-2_resized_20220615_063300441-1024x698.jpg\" alt=\"\" width=\"1024\" height=\"698\" srcset=\"https:\/\/nonnwella.de\/phtf\/wp-content\/uploads\/2022\/06\/2002-0511-Konzert-Hochwalddom006-2_resized_20220615_063300441-1024x698.jpg 1024w, https:\/\/nonnwella.de\/phtf\/wp-content\/uploads\/2022\/06\/2002-0511-Konzert-Hochwalddom006-2_resized_20220615_063300441-300x204.jpg 300w, https:\/\/nonnwella.de\/phtf\/wp-content\/uploads\/2022\/06\/2002-0511-Konzert-Hochwalddom006-2_resized_20220615_063300441-768x523.jpg 768w, https:\/\/nonnwella.de\/phtf\/wp-content\/uploads\/2022\/06\/2002-0511-Konzert-Hochwalddom006-2_resized_20220615_063300441-1536x1047.jpg 1536w, https:\/\/nonnwella.de\/phtf\/wp-content\/uploads\/2022\/06\/2002-0511-Konzert-Hochwalddom006-2_resized_20220615_063300441-2048x1396.jpg 2048w\" sizes=\"(max-width: 1024px) 100vw, 1024px\" \/><\/span><\/p>\n<p><span style=\"font-family: tahoma, arial, helvetica, sans-serif;\">Titel 01<audio src=\"https:\/\/nonnwella.de\/phtf\/wp-content\/uploads\/2021\/Medien\/Festkonzert2002\/01.mp4\" controls=\"controls\"><span data-mce-type=\"bookmark\" style=\"display: inline-block; width: 0px; overflow: hidden; line-height: 0;\" class=\"mce_SELRES_start\">\ufeff<\/span><\/audio><\/span><br \/>\n<span style=\"font-family: tahoma, arial, helvetica, sans-serif;\">Titel 02<audio src=\"https:\/\/nonnwella.de\/phtf\/wp-content\/uploads\/2021\/Medien\/Festkonzert2002\/02.mp4\" controls=\"controls\"><span data-mce-type=\"bookmark\" style=\"display: inline-block; width: 0px; overflow: hidden; line-height: 0;\" class=\"mce_SELRES_start\">\ufeff<\/span><\/audio><\/span><br \/>\n<span style=\"font-family: tahoma, arial, helvetica, sans-serif;\">Titel 03<audio src=\"https:\/\/nonnwella.de\/phtf\/wp-content\/uploads\/2021\/Medien\/Festkonzert2002\/03.mp4\" controls=\"controls\"><span data-mce-type=\"bookmark\" style=\"display: inline-block; width: 0px; overflow: hidden; line-height: 0;\" class=\"mce_SELRES_start\">\ufeff<\/span><\/audio><\/span><br \/>\n<span style=\"font-family: tahoma, arial, helvetica, sans-serif;\">Titel 04<audio src=\"https:\/\/nonnwella.de\/phtf\/wp-content\/uploads\/2021\/Medien\/Festkonzert2002\/04.mp4\" controls=\"controls\"><span data-mce-type=\"bookmark\" style=\"display: inline-block; width: 0px; overflow: hidden; line-height: 0;\" class=\"mce_SELRES_start\">\ufeff<\/span><\/audio><\/span><br \/>\n<span style=\"font-family: tahoma, arial, helvetica, sans-serif;\">Titel 05<audio src=\"https:\/\/nonnwella.de\/phtf\/wp-content\/uploads\/2021\/Medien\/Festkonzert2002\/05.mp4\" controls=\"controls\"><span data-mce-type=\"bookmark\" style=\"display: inline-block; width: 0px; overflow: hidden; line-height: 0;\" class=\"mce_SELRES_start\">\ufeff<\/span><\/audio><\/span><br \/>\n<span style=\"font-family: tahoma, arial, helvetica, sans-serif;\">Titel 06<audio src=\"https:\/\/nonnwella.de\/phtf\/wp-content\/uploads\/2021\/Medien\/Festkonzert2002\/06.mp4\" controls=\"controls\"><span data-mce-type=\"bookmark\" style=\"display: inline-block; width: 0px; overflow: hidden; line-height: 0;\" class=\"mce_SELRES_start\">\ufeff<\/span><\/audio><\/span><br \/>\n<span style=\"font-family: tahoma, arial, helvetica, sans-serif;\">Titel 07<audio src=\"https:\/\/nonnwella.de\/phtf\/wp-content\/uploads\/2021\/Medien\/Festkonzert2002\/07.mp4\" controls=\"controls\"><span data-mce-type=\"bookmark\" style=\"display: inline-block; width: 0px; overflow: hidden; line-height: 0;\" class=\"mce_SELRES_start\">\ufeff<\/span><\/audio><\/span><br \/>\n<span style=\"font-family: tahoma, arial, helvetica, sans-serif;\">Titel 08<audio src=\"https:\/\/nonnwella.de\/phtf\/wp-content\/uploads\/2021\/Medien\/Festkonzert2002\/08.mp4\" controls=\"controls\"><span data-mce-type=\"bookmark\" style=\"display: inline-block; width: 0px; overflow: hidden; line-height: 0;\" class=\"mce_SELRES_start\">\ufeff<\/span><\/audio><\/span><br \/>\n<span style=\"font-family: tahoma, arial, helvetica, sans-serif;\">Titel 09<audio src=\"https:\/\/nonnwella.de\/phtf\/wp-content\/uploads\/2021\/Medien\/Festkonzert2002\/09.mp4\" controls=\"controls\"><span data-mce-type=\"bookmark\" style=\"display: inline-block; width: 0px; overflow: hidden; line-height: 0;\" class=\"mce_SELRES_start\">\ufeff<\/span><\/audio><\/span><br \/>\n<span style=\"font-family: tahoma, arial, helvetica, sans-serif;\">Titel 10<audio src=\"https:\/\/nonnwella.de\/phtf\/wp-content\/uploads\/2021\/Medien\/Festkonzert2002\/10.mp4\" controls=\"controls\"><span data-mce-type=\"bookmark\" style=\"display: inline-block; width: 0px; overflow: hidden; line-height: 0;\" class=\"mce_SELRES_start\">\ufeff<\/span><\/audio><\/span><br \/>\n<span style=\"font-family: tahoma, arial, helvetica, sans-serif;\">Titel 11<audio src=\"https:\/\/nonnwella.de\/phtf\/wp-content\/uploads\/2021\/Medien\/Festkonzert2002\/11.mp4\" controls=\"controls\"><span data-mce-type=\"bookmark\" style=\"display: inline-block; width: 0px; overflow: hidden; line-height: 0;\" class=\"mce_SELRES_start\">\ufeff<\/span><\/audio><\/span><br \/>\n<span style=\"font-family: tahoma, arial, helvetica, sans-serif;\">Titel 12<audio src=\"https:\/\/nonnwella.de\/phtf\/wp-content\/uploads\/2021\/Medien\/Festkonzert2002\/12.mp4\" controls=\"controls\"><span data-mce-type=\"bookmark\" style=\"display: inline-block; width: 0px; overflow: hidden; line-height: 0;\" class=\"mce_SELRES_start\">\ufeff<\/span><\/audio><\/span><br \/>\n<span style=\"font-family: tahoma, arial, helvetica, sans-serif;\">Titel 13<audio src=\"https:\/\/nonnwella.de\/phtf\/wp-content\/uploads\/2021\/Medien\/Festkonzert2002\/13.mp4\" controls=\"controls\"><span data-mce-type=\"bookmark\" style=\"display: inline-block; width: 0px; overflow: hidden; line-height: 0;\" class=\"mce_SELRES_start\">\ufeff<\/span><\/audio><\/span><br \/>\n<span style=\"font-family: tahoma, arial, helvetica, sans-serif;\">Titel 14<audio src=\"https:\/\/nonnwella.de\/phtf\/wp-content\/uploads\/2021\/Medien\/Festkonzert2002\/14.mp4\" controls=\"controls\"><span data-mce-type=\"bookmark\" style=\"display: inline-block; width: 0px; overflow: hidden; line-height: 0;\" class=\"mce_SELRES_start\">\ufeff<\/span><\/audio><\/span><br \/>\n<span style=\"font-family: tahoma, arial, helvetica, sans-serif;\">Titel 15<audio src=\"https:\/\/nonnwella.de\/phtf\/wp-content\/uploads\/2021\/Medien\/Festkonzert2002\/15.mp4\" controls=\"controls\"><span data-mce-type=\"bookmark\" style=\"display: inline-block; width: 0px; overflow: hidden; line-height: 0;\" class=\"mce_SELRES_start\">\ufeff<\/span><\/audio><\/span><br \/>\n<span style=\"font-family: tahoma, arial, helvetica, sans-serif;\">Titel 16<audio src=\"https:\/\/nonnwella.de\/phtf\/wp-content\/uploads\/2021\/Medien\/Festkonzert2002\/16.mp4\" controls=\"controls\"><span data-mce-type=\"bookmark\" style=\"display: inline-block; width: 0px; overflow: hidden; line-height: 0;\" class=\"mce_SELRES_start\">\ufeff<\/span><\/audio><\/span><br \/>\n<span style=\"font-family: tahoma, arial, helvetica, sans-serif;\">Titel 17<audio src=\"https:\/\/nonnwella.de\/phtf\/wp-content\/uploads\/2021\/Medien\/Festkonzert2002\/17.mp4\" controls=\"controls\"><span data-mce-type=\"bookmark\" style=\"display: inline-block; width: 0px; overflow: hidden; line-height: 0;\" class=\"mce_SELRES_start\">\ufeff<\/span><\/audio><\/span><br \/>\n<span style=\"font-family: tahoma, arial, helvetica, sans-serif;\">Titel 18<audio src=\"https:\/\/nonnwella.de\/phtf\/wp-content\/uploads\/2021\/Medien\/Festkonzert2002\/18.mp4\" controls=\"controls\"><span data-mce-type=\"bookmark\" style=\"display: inline-block; width: 0px; overflow: hidden; line-height: 0;\" class=\"mce_SELRES_start\">\ufeff<\/span><\/audio><\/span><br \/>\n<span style=\"font-family: tahoma, arial, helvetica, sans-serif;\">Titel 19<audio src=\"https:\/\/nonnwella.de\/phtf\/wp-content\/uploads\/2021\/Medien\/Festkonzert2002\/19.mp4\" controls=\"controls\"><span data-mce-type=\"bookmark\" style=\"display: inline-block; width: 0px; overflow: hidden; line-height: 0;\" class=\"mce_SELRES_start\">\ufeff<\/span><\/audio><\/span><br \/>\n<span style=\"font-family: tahoma, arial, helvetica, sans-serif;\">Titel 20<audio src=\"https:\/\/nonnwella.de\/phtf\/wp-content\/uploads\/2021\/Medien\/Festkonzert2002\/20.mp4\" controls=\"controls\"><span style=\"display: inline-block; width: 0px; overflow: hidden; line-height: 0;\" data-mce-type=\"bookmark\" class=\"mce_SELRES_start\">\ufeff<\/span><span data-mce-type=\"bookmark\" style=\"display: inline-block; width: 0px; overflow: hidden; line-height: 0;\" class=\"mce_SELRES_start\">\ufeff<\/span><\/audio><\/span><\/p>\n<p>&nbsp;<\/p>\n<h2><span style=\"font-family: tahoma, arial, helvetica, sans-serif;\"><a id=\"chor\"><\/a>Kirchenchor Nonnweiler mit Joachim Kraus 2002<\/span><\/h2>\n\r\n    <div>        \r\n    <video id=\"plyr69f2a504e374c\" data-poster=\"https:\/\/nonnwella.de\/phtf\/wp-content\/uploads\/2023\/01\/Joachim_Kraus_2002.jpg\" controls class=\"easy-video-player\">\r\n       <source src=\"https:\/\/nonnwella.de\/phtf\/wp-content\/uploads\/2021\/Medien\/Kirchenchor2002.mp4\" type=\"video\/mp4\" \/>\r\n    <\/video>\r\n    <\/div>    <script>\r\n        const evplayerplyr69f2a504e374c = new Plyr(document.getElementById('plyr69f2a504e374c'));\r\n        evplayerplyr69f2a504e374c.ratio = '16:9';\r\n        evplayerplyr69f2a504e374c.iconUrl = 'https:\/\/nonnwella.de\/phtf\/wp-content\/plugins\/easy-video-player\/lib\/plyr.svg';\r\n        evplayerplyr69f2a504e374c.blankVideo = 'https:\/\/nonnwella.de\/phtf\/wp-content\/plugins\/easy-video-player\/lib\/blank.mp4';  \r\n    <\/script>\n<p>&nbsp;<\/p>\n<h5><span style=\"font-family: tahoma, arial, helvetica, sans-serif;\">Andreas G\u00e4rtner an der Kirchenorgel Dr.B\u00f6hm Dn&#8217;t in den 80er Jahren.<\/span><\/h5>\n<p><span style=\"font-family: tahoma, arial, helvetica, sans-serif;\"><a href=\"https:\/\/youtu.be\/hM_be8QSjzc?si=cUseaUXTv1kGX7n0\"><iframe loading=\"lazy\" src=\"\/\/www.youtube.com\/embed\/hM_be8QSjzc?si=cUseaUXTv1kGX7n0\" width=\"560\" height=\"314\" allowfullscreen=\"allowfullscreen\"><\/iframe><\/a><\/span><\/p>\n<p>&nbsp;<\/p>\n<p>&nbsp;<\/p>\n<h3><span style=\"font-family: tahoma, arial, helvetica, sans-serif;\"><strong>Faasend mit em Barts&#8216; Lange<\/strong> <img decoding=\"async\" class=\"alignleft wp-image-1750 size-medium\" src=\"https:\/\/nonnwella.de\/phtf\/wp-content\/uploads\/2021\/10\/CCI_001094-2-231x300.jpg\" alt=\"\" width=\"231\" height=\"300\" srcset=\"https:\/\/nonnwella.de\/phtf\/wp-content\/uploads\/2021\/10\/CCI_001094-2-231x300.jpg 231w, https:\/\/nonnwella.de\/phtf\/wp-content\/uploads\/2021\/10\/CCI_001094-2.jpg 398w\" sizes=\"(max-width: 231px) 100vw, 231px\" \/><\/span><\/h3>\n<p><span style=\"font-size: 16px; font-family: tahoma, arial, helvetica, sans-serif;\">Fastnachtsvortr\u00e4ge und Lieder<\/span><\/p>\n<h5><\/h5>\n<h5><\/h5>\n<h5><\/h5>\n<h5><\/h5>\n<h5><\/h5>\n<h5><\/h5>\n<h4><span style=\"font-family: tahoma, arial, helvetica, sans-serif;\"><strong>Der Wassermann 1979<\/strong><\/span><\/h4>\n<p><span style=\"font-family: tahoma, arial, helvetica, sans-serif;\"><audio src=\"https:\/\/nonnwella.de\/phtf\/wp-content\/uploads\/2021\/Medien\/Der_Wassermann_1979.mp3\" controls=\"controls\"><span data-mce-type=\"bookmark\" style=\"display: inline-block; width: 0px; overflow: hidden; line-height: 0;\" class=\"mce_SELRES_start\">\ufeff<\/span><\/audio><\/span><\/p>\n<h4><span style=\"font-family: tahoma, arial, helvetica, sans-serif;\"><strong>De Nonnwella Schetz<\/strong><\/span><\/h4>\n<h5><span style=\"font-family: tahoma, arial, helvetica, sans-serif;\"><audio src=\"https:\/\/nonnwella.de\/phtf\/wp-content\/uploads\/2021\/Medien\/Der_Nonnweiler_Schuetz_1975.mp3\" controls=\"controls\"><\/audio><\/span><\/h5>\n<h4><span style=\"font-family: tahoma, arial, helvetica, sans-serif;\"><strong>Borrekend 1979<\/strong><\/span><\/h4>\n<p><span style=\"font-family: tahoma, arial, helvetica, sans-serif;\"><img decoding=\"async\" class=\"alignnone size-full wp-image-1732\" src=\"https:\/\/nonnwella.de\/phtf\/wp-content\/uploads\/2021\/10\/Borrekend.jpg\" alt=\"\" width=\"1558\" height=\"1446\" srcset=\"https:\/\/nonnwella.de\/phtf\/wp-content\/uploads\/2021\/10\/Borrekend.jpg 1558w, https:\/\/nonnwella.de\/phtf\/wp-content\/uploads\/2021\/10\/Borrekend-300x278.jpg 300w, https:\/\/nonnwella.de\/phtf\/wp-content\/uploads\/2021\/10\/Borrekend-1024x950.jpg 1024w, https:\/\/nonnwella.de\/phtf\/wp-content\/uploads\/2021\/10\/Borrekend-768x713.jpg 768w, https:\/\/nonnwella.de\/phtf\/wp-content\/uploads\/2021\/10\/Borrekend-1536x1426.jpg 1536w\" sizes=\"(max-width: 1558px) 100vw, 1558px\" \/><\/span><\/p>\n<p><span style=\"font-family: tahoma, arial, helvetica, sans-serif;\"><audio src=\"https:\/\/nonnwella.de\/phtf\/wp-content\/uploads\/2021\/Medien\/Borrekend.mp3\" controls=\"controls\"><\/audio><\/span><\/p>\n<h2><span style=\"font-family: tahoma, arial, helvetica, sans-serif;\"><strong><span style=\"font-size: 16px;\">Faasend 2024 (SR Fernsehen vom: 12.02.2024)<\/span><\/strong><br \/>\n<\/span><\/h2>\n\r\n    <div>        \r\n    <video id=\"plyr69f2a504e3778\" controls class=\"easy-video-player\">\r\n       <source src=\"https:\/\/nonnwella.de\/phtf\/wp-content\/uploads\/2021\/Medien\/Faasend_2024.mp4\" type=\"video\/mp4\" \/>\r\n    <\/video>\r\n    <\/div>    <script>\r\n        const evplayerplyr69f2a504e3778 = new Plyr(document.getElementById('plyr69f2a504e3778'));\r\n        evplayerplyr69f2a504e3778.ratio = '16:9';\r\n        evplayerplyr69f2a504e3778.iconUrl = 'https:\/\/nonnwella.de\/phtf\/wp-content\/plugins\/easy-video-player\/lib\/plyr.svg';\r\n        evplayerplyr69f2a504e3778.blankVideo = 'https:\/\/nonnwella.de\/phtf\/wp-content\/plugins\/easy-video-player\/lib\/blank.mp4';  \r\n    <\/script>\n<h2><span style=\"font-family: tahoma, arial, helvetica, sans-serif;\"><strong><span style=\"font-size: 16px;\">Faasend 2025 (SR Fernsehen vom: 03.03.2025)<\/span><\/strong><br \/>\n<\/span><\/h2>\n\r\n    <div>        \r\n    <video id=\"plyr69f2a504e379e\" controls class=\"easy-video-player\">\r\n       <source src=\"https:\/\/nonnwella.de\/phtf\/wp-content\/uploads\/2021\/Medien\/Faasend2025.mp4\" type=\"video\/mp4\" \/>\r\n    <\/video>\r\n    <\/div>    <script>\r\n        const evplayerplyr69f2a504e379e = new Plyr(document.getElementById('plyr69f2a504e379e'));\r\n        evplayerplyr69f2a504e379e.ratio = '16:9';\r\n        evplayerplyr69f2a504e379e.iconUrl = 'https:\/\/nonnwella.de\/phtf\/wp-content\/plugins\/easy-video-player\/lib\/plyr.svg';\r\n        evplayerplyr69f2a504e379e.blankVideo = 'https:\/\/nonnwella.de\/phtf\/wp-content\/plugins\/easy-video-player\/lib\/blank.mp4';  \r\n    <\/script>\n<p>&nbsp;<\/p>\n<table style=\"width: 90.66965320151387%;\">\n<tbody>\n<tr>\n<td style=\"width: 26.799007444168733%;\">&nbsp;<\/p>\n<p><span style=\"font-family: tahoma, arial, helvetica, sans-serif;\"><ul id=\"menu-mega-main\" class=\"menu\"><li id=\"menu-item-1679\" class=\"menu-item menu-item-type-custom menu-item-object-custom menu-item-has-children menu-item-1679\"><a href=\"https:\/\/nonnwella.de\/phtf\/wappen\">\u00dcber Nonnweiler<\/a>\n<ul class=\"sub-menu\">\n\t<li id=\"menu-item-996\" class=\"menu-item menu-item-type-post_type menu-item-object-page menu-item-996\"><a href=\"https:\/\/nonnwella.de\/phtf\/wappen\">Das Wappen<\/a><\/li>\n\t<li id=\"menu-item-1008\" class=\"menu-item menu-item-type-post_type menu-item-object-page menu-item-1008\"><a href=\"https:\/\/nonnwella.de\/phtf\/entstehung\">Entstehungsgeschichte<\/a><\/li>\n\t<li id=\"menu-item-1250\" class=\"menu-item menu-item-type-post_type menu-item-object-page menu-item-1250\"><a href=\"https:\/\/nonnwella.de\/phtf\/gemeindegeschichte\">Geschichte des Ortes<\/a><\/li>\n\t<li id=\"menu-item-1267\" class=\"menu-item menu-item-type-post_type menu-item-object-page menu-item-1267\"><a href=\"https:\/\/nonnwella.de\/phtf\/mittelalterliche-besitzverhaeltnisse\">Mittelalterliche Besitzverh\u00e4ltnisse<\/a><\/li>\n\t<li id=\"menu-item-1266\" class=\"menu-item menu-item-type-post_type menu-item-object-page menu-item-has-children menu-item-1266\"><a href=\"https:\/\/nonnwella.de\/phtf\/stockbauern-und-stockgueter\">Stockbauern &#038; Stockg\u00fcter<\/a>\n\t<ul class=\"sub-menu\">\n\t\t<li id=\"menu-item-2068\" class=\"menu-item menu-item-type-post_type menu-item-object-page menu-item-2068\"><a href=\"https:\/\/nonnwella.de\/phtf\/landwirtschaft-ackerbau\">Landwirtschaft &#038; Ackerbau<\/a><\/li>\n\t\t<li id=\"menu-item-2069\" class=\"menu-item menu-item-type-post_type menu-item-object-page menu-item-2069\"><a href=\"https:\/\/nonnwella.de\/phtf\/bauernstand\">Bauernstand<\/a><\/li>\n\t\t<li id=\"menu-item-2165\" class=\"menu-item menu-item-type-post_type menu-item-object-page menu-item-2165\"><a href=\"https:\/\/nonnwella.de\/phtf\/muehlen-in-nonnweiler\">M\u00fchlengeschichte<\/a><\/li>\n\t<\/ul>\n<\/li>\n\t<li id=\"menu-item-1540\" class=\"menu-item menu-item-type-post_type menu-item-object-page menu-item-has-children menu-item-1540\"><a href=\"https:\/\/nonnwella.de\/phtf\/hauszeichen\">Hauszeichen<\/a>\n\t<ul class=\"sub-menu\">\n\t\t<li id=\"menu-item-1265\" class=\"menu-item menu-item-type-post_type menu-item-object-page menu-item-1265\"><a href=\"https:\/\/nonnwella.de\/phtf\/alt-nonnweiler\">Wer wohnte wo?<\/a><\/li>\n\t<\/ul>\n<\/li>\n\t<li id=\"menu-item-1027\" class=\"menu-item menu-item-type-post_type menu-item-object-page menu-item-has-children menu-item-1027\"><a href=\"https:\/\/nonnwella.de\/phtf\/kriegsgeschichte\">NS Zeit 1933-1945<\/a>\n\t<ul class=\"sub-menu\">\n\t\t<li id=\"menu-item-2469\" class=\"menu-item menu-item-type-post_type menu-item-object-page menu-item-2469\"><a href=\"https:\/\/nonnwella.de\/phtf\/gefallene-vermisste-in-weltkriegen\">Gefallene &#038; Vermisste beider Weltkriege<\/a><\/li>\n\t\t<li id=\"menu-item-1413\" class=\"menu-item menu-item-type-post_type menu-item-object-page menu-item-1413\"><a href=\"https:\/\/nonnwella.de\/phtf\/otto-berg-erinnerungen-1929-1945\">Otto Berg \u2013 Erinnerungen 1929-1945<\/a><\/li>\n\t<\/ul>\n<\/li>\n\t<li id=\"menu-item-4069\" class=\"menu-item menu-item-type-post_type menu-item-object-page menu-item-has-children menu-item-4069\"><a href=\"https:\/\/nonnwella.de\/phtf\/die-franzosen\">Einmarsch der Amerikaner &#038; Die Franzosen als Besatzungsmacht<\/a>\n\t<ul class=\"sub-menu\">\n\t\t<li id=\"menu-item-4079\" class=\"menu-item menu-item-type-post_type menu-item-object-page menu-item-4079\"><a href=\"https:\/\/nonnwella.de\/phtf\/wiedervereinigung\">Wiedervereinigung mit Deutschland<\/a><\/li>\n\t<\/ul>\n<\/li>\n\t<li id=\"menu-item-2043\" class=\"menu-item menu-item-type-post_type menu-item-object-page menu-item-has-children menu-item-2043\"><a href=\"https:\/\/nonnwella.de\/phtf\/schule\">Kindergarten &#038; Schule<\/a>\n\t<ul class=\"sub-menu\">\n\t\t<li id=\"menu-item-2494\" class=\"menu-item menu-item-type-post_type menu-item-object-page menu-item-2494\"><a href=\"https:\/\/nonnwella.de\/phtf\/fotos-kindergarten\">Spass im Kindergarten<\/a><\/li>\n\t\t<li id=\"menu-item-2042\" class=\"menu-item menu-item-type-post_type menu-item-object-page menu-item-2042\"><a href=\"https:\/\/nonnwella.de\/phtf\/klassenfotos\">Klassenfotos<\/a><\/li>\n\t<\/ul>\n<\/li>\n\t<li id=\"menu-item-2650\" class=\"menu-item menu-item-type-post_type menu-item-object-page menu-item-2650\"><a href=\"https:\/\/nonnwella.de\/phtf\/lichterkette\">Lichterkette f\u00fcr den Frieden<\/a><\/li>\n\t<li id=\"menu-item-1015\" class=\"menu-item menu-item-type-post_type menu-item-object-page menu-item-1015\"><a href=\"https:\/\/nonnwella.de\/phtf\/geographie\">Geographie &#038; Geologie<\/a><\/li>\n<\/ul>\n<\/li>\n<li id=\"menu-item-1680\" class=\"menu-item menu-item-type-custom menu-item-object-custom menu-item-has-children menu-item-1680\"><a href=\"https:\/\/nonnwella.de\/phtf\/article\">Ortsansichten<\/a>\n<ul class=\"sub-menu\">\n\t<li id=\"menu-item-631\" class=\"menu-item menu-item-type-post_type menu-item-object-page menu-item-631\"><a href=\"https:\/\/nonnwella.de\/phtf\/article\">Alt Nonnwella auf Postkarten<\/a><\/li>\n\t<li id=\"menu-item-744\" class=\"menu-item menu-item-type-post_type menu-item-object-page menu-item-744\"><a href=\"https:\/\/nonnwella.de\/phtf\/50er\">50er<\/a><\/li>\n\t<li id=\"menu-item-743\" class=\"menu-item menu-item-type-post_type menu-item-object-page menu-item-743\"><a href=\"https:\/\/nonnwella.de\/phtf\/60er\">60er<\/a><\/li>\n\t<li id=\"menu-item-742\" class=\"menu-item menu-item-type-post_type menu-item-object-page menu-item-742\"><a href=\"https:\/\/nonnwella.de\/phtf\/70er\">70er bis heute<\/a><\/li>\n\t<li id=\"menu-item-1095\" class=\"menu-item menu-item-type-post_type menu-item-object-page menu-item-1095\"><a href=\"https:\/\/nonnwella.de\/phtf\/vom-urlaubs-zum-kurort\">Erste Schritte zum Fremdenverkehrsort<\/a><\/li>\n\t<li id=\"menu-item-1815\" class=\"menu-item menu-item-type-post_type menu-item-object-page menu-item-1815\"><a href=\"https:\/\/nonnwella.de\/phtf\/kurhaeuser\">Kurh\u00e4user<\/a><\/li>\n<\/ul>\n<\/li>\n<li id=\"menu-item-1681\" class=\"menu-item menu-item-type-custom menu-item-object-custom menu-item-has-children menu-item-1681\"><a href=\"https:\/\/nonnwella.de\/phtf\/geschichte\">Kirchliches<\/a>\n<ul class=\"sub-menu\">\n\t<li id=\"menu-item-585\" class=\"menu-item menu-item-type-post_type menu-item-object-page menu-item-585\"><a href=\"https:\/\/nonnwella.de\/phtf\/geschichte\">Geschichte<\/a><\/li>\n\t<li id=\"menu-item-629\" class=\"menu-item menu-item-type-post_type menu-item-object-page menu-item-629\"><a href=\"https:\/\/nonnwella.de\/phtf\/innenansicht\">Innenansicht<\/a><\/li>\n\t<li id=\"menu-item-584\" class=\"menu-item menu-item-type-post_type menu-item-object-page menu-item-584\"><a href=\"https:\/\/nonnwella.de\/phtf\/brand-und-wiederaufbau\">Brand &#038; Wiederaufbau<\/a><\/li>\n\t<li id=\"menu-item-583\" class=\"menu-item menu-item-type-post_type menu-item-object-page menu-item-583\"><a href=\"https:\/\/nonnwella.de\/phtf\/fronleichnamsfest\">Fronleichnamsfest<\/a><\/li>\n\t<li id=\"menu-item-581\" class=\"menu-item menu-item-type-post_type menu-item-object-page menu-item-581\"><a href=\"https:\/\/nonnwella.de\/phtf\/primizen\">Primizen<\/a><\/li>\n\t<li id=\"menu-item-801\" class=\"menu-item menu-item-type-post_type menu-item-object-page menu-item-801\"><a href=\"https:\/\/nonnwella.de\/phtf\/100-jahrfeier\">Feierlichkeiten<\/a><\/li>\n\t<li id=\"menu-item-1033\" class=\"menu-item menu-item-type-post_type menu-item-object-page menu-item-1033\"><a href=\"https:\/\/nonnwella.de\/phtf\/pastoere-in-nonnweiler\">Past\u00f6re in Nonnweiler<\/a><\/li>\n\t<li id=\"menu-item-582\" class=\"menu-item menu-item-type-post_type menu-item-object-page menu-item-582\"><a href=\"https:\/\/nonnwella.de\/phtf\/in-schweren-jahren\">In schweren Jahren<\/a><\/li>\n\t<li id=\"menu-item-3269\" class=\"menu-item menu-item-type-post_type menu-item-object-page menu-item-3269\"><a href=\"https:\/\/nonnwella.de\/phtf\/messdiener\">Me\u00dfdiener<\/a><\/li>\n\t<li id=\"menu-item-2649\" class=\"menu-item menu-item-type-post_type menu-item-object-page menu-item-2649\"><a href=\"https:\/\/nonnwella.de\/phtf\/klepperkinder\">Klepperkinder<\/a><\/li>\n<\/ul>\n<\/li>\n<li id=\"menu-item-1682\" class=\"menu-item menu-item-type-custom menu-item-object-custom menu-item-has-children menu-item-1682\"><a href=\"https:\/\/nonnwella.de\/phtf\/ortsverein\">Vereine &#038; Gewerbe<\/a>\n<ul class=\"sub-menu\">\n\t<li id=\"menu-item-2217\" class=\"menu-item menu-item-type-post_type menu-item-object-page menu-item-has-children menu-item-2217\"><a href=\"https:\/\/nonnwella.de\/phtf\/ortsverein\">Ortsvereine<\/a>\n\t<ul class=\"sub-menu\">\n\t\t<li id=\"menu-item-2996\" class=\"menu-item menu-item-type-post_type menu-item-object-page menu-item-2996\"><a href=\"https:\/\/nonnwella.de\/phtf\/ortsverein\">kath. Frauengemeinschaft<\/a><\/li>\n\t\t<li id=\"menu-item-2994\" class=\"menu-item menu-item-type-post_type menu-item-object-page menu-item-2994\"><a href=\"https:\/\/nonnwella.de\/phtf\/kolping-kapelle\">Kolping-Kapelle<\/a><\/li>\n\t\t<li id=\"menu-item-2861\" class=\"menu-item menu-item-type-post_type menu-item-object-page menu-item-2861\"><a href=\"https:\/\/nonnwella.de\/phtf\/hochwaelder-tennisclub-htc\">Hochw\u00e4lder Tennisclub HTC<\/a><\/li>\n\t<\/ul>\n<\/li>\n\t<li id=\"menu-item-2571\" class=\"menu-item menu-item-type-post_type menu-item-object-page menu-item-2571\"><a href=\"https:\/\/nonnwella.de\/phtf\/jaegerheim-beim-hedi\">J\u00e4gerheim (beim Hedi)<\/a><\/li>\n\t<li id=\"menu-item-2651\" class=\"menu-item menu-item-type-post_type menu-item-object-page menu-item-2651\"><a href=\"https:\/\/nonnwella.de\/phtf\/central-filmtheater\">Central-Filmtheater<\/a><\/li>\n<\/ul>\n<\/li>\n<li id=\"menu-item-1683\" class=\"menu-item menu-item-type-custom menu-item-object-custom menu-item-has-children menu-item-1683\"><a href=\"https:\/\/nonnwella.de\/phtf\/schinderhannes\">Erz\u00e4hlungen<\/a>\n<ul class=\"sub-menu\">\n\t<li id=\"menu-item-1040\" class=\"menu-item menu-item-type-post_type menu-item-object-page menu-item-1040\"><a href=\"https:\/\/nonnwella.de\/phtf\/schinderhannes\">Schinderhannes<\/a><\/li>\n\t<li id=\"menu-item-1042\" class=\"menu-item menu-item-type-post_type menu-item-object-page menu-item-1042\"><a href=\"https:\/\/nonnwella.de\/phtf\/die-stockbauern-und-die-einspaennigen\">Die Stockbauern und die Einsp\u00e4nnigen<\/a><\/li>\n\t<li id=\"menu-item-1041\" class=\"menu-item menu-item-type-post_type menu-item-object-page menu-item-1041\"><a href=\"https:\/\/nonnwella.de\/phtf\/fritze-michel\">Fritze Michel<\/a><\/li>\n\t<li id=\"menu-item-1365\" class=\"menu-item menu-item-type-post_type menu-item-object-page menu-item-1365\"><a href=\"https:\/\/nonnwella.de\/phtf\/vetter-fritz\">Vetter Fritz<\/a><\/li>\n\t<li id=\"menu-item-1414\" class=\"menu-item menu-item-type-post_type menu-item-object-page menu-item-1414\"><a href=\"https:\/\/nonnwella.de\/phtf\/fam-honecker\">Saarl\u00e4ndische Begegnung<\/a><\/li>\n<\/ul>\n<\/li>\n<li id=\"menu-item-1684\" class=\"menu-item menu-item-type-custom menu-item-object-custom menu-item-has-children menu-item-1684\"><a href=\"https:\/\/nonnwella.de\/phtf\/medien\">Ausser der Reihe<\/a>\n<ul class=\"sub-menu\">\n\t<li id=\"menu-item-1025\" class=\"menu-item menu-item-type-post_type menu-item-object-page menu-item-1025\"><a href=\"https:\/\/nonnwella.de\/phtf\/medien\">Medien<\/a><\/li>\n\t<li id=\"menu-item-4153\" class=\"menu-item menu-item-type-post_type menu-item-object-page menu-item-4153\"><a href=\"https:\/\/nonnwella.de\/phtf\/drohnenaufnahmen\">Drohnenaufnahmen<\/a><\/li>\n\t<li id=\"menu-item-1523\" class=\"menu-item menu-item-type-post_type menu-item-object-page menu-item-1523\"><a href=\"https:\/\/nonnwella.de\/phtf\/seifenkistenrennen\">Seifenkistenrennen<\/a><\/li>\n\t<li id=\"menu-item-3574\" class=\"menu-item menu-item-type-post_type menu-item-object-page menu-item-3574\"><a href=\"https:\/\/nonnwella.de\/phtf\/archiv-bilder-des-monats\">Archiv \u2013 Bilder des Monats<\/a><\/li>\n\t<li id=\"menu-item-1920\" class=\"menu-item menu-item-type-post_type menu-item-object-page menu-item-1920\"><a href=\"https:\/\/nonnwella.de\/phtf\/wegweiser-mit-geschichte\">Wegweiser mit Geschichte<\/a><\/li>\n\t<li id=\"menu-item-3623\" class=\"menu-item menu-item-type-post_type menu-item-object-page menu-item-3623\"><a href=\"https:\/\/nonnwella.de\/phtf\/wer-weiss-es\">Wer wei\u00df es?<\/a><\/li>\n<\/ul>\n<\/li>\n<\/ul><\/span><\/td>\n<td style=\"vertical-align: top; width: 72.20843672456576%;\">&nbsp;<\/p>\n<p>&nbsp;<\/p>\n<p><span style=\"font-family: tahoma, arial, helvetica, sans-serif;\"><img decoding=\"async\" class=\"wp-image-2874 size-full aligncenter\" src=\"https:\/\/nonnwella.de\/phtf\/wp-content\/uploads\/2022\/07\/CCI_001489-2.jpg\" alt=\"\" width=\"580\" height=\"405\" srcset=\"https:\/\/nonnwella.de\/phtf\/wp-content\/uploads\/2022\/07\/CCI_001489-2.jpg 580w, https:\/\/nonnwella.de\/phtf\/wp-content\/uploads\/2022\/07\/CCI_001489-2-300x209.jpg 300w\" sizes=\"(max-width: 580px) 100vw, 580px\" \/><\/span><\/p>\n<p>&nbsp;<\/p>\n<p>&nbsp;<\/p>\n<p>&nbsp;<\/p>\n<p><span style=\"font-family: tahoma, arial, helvetica, sans-serif;\"><img decoding=\"async\" class=\"size-full wp-image-2877 aligncenter\" src=\"https:\/\/nonnwella.de\/phtf\/wp-content\/uploads\/2022\/07\/csm_Heimat_ist_Hunsrueck_Logo_c1c9a14c31.jpg\" alt=\"\" width=\"300\" height=\"286\" \/><\/span><\/td>\n<\/tr>\n<\/tbody>\n<\/table>\n","protected":false},"excerpt":{"rendered":"<p>Kneippkuren im Winter (SR Fernsehen vom: 22.02.1962) Biologische Sch\u00e4dlingsbek\u00e4mpfung durch Vogelschutz (SR Fernsehen vom: 04.06.1965) Glockengel\u00e4ut des Hochwalddoms \ufeff\ufeff &nbsp; Peter Frankenfeld im Central-Filmtheater Nonnweiler (Freitag, 20.Mai 1966, 20.00 Uhr) Der Name der Radiosendung lautete: &#8222;Kleine Stadt &#8211; ganz gro\u00df&#8220;. Ein \u00f6ffentliches Ratespiel mit Lonny Kellner und Peter Frankenfeld\/SR 2.Programm, immer am Samstag um 20.00 [&hellip;]<\/p>\n","protected":false},"author":1,"featured_media":0,"parent":0,"menu_order":0,"comment_status":"closed","ping_status":"closed","template":"","meta":{"footnotes":""},"class_list":["post-1020","page","type-page","status-publish","hentry"],"_links":{"self":[{"href":"https:\/\/nonnwella.de\/phtf\/wp-json\/wp\/v2\/pages\/1020","targetHints":{"allow":["GET"]}}],"collection":[{"href":"https:\/\/nonnwella.de\/phtf\/wp-json\/wp\/v2\/pages"}],"about":[{"href":"https:\/\/nonnwella.de\/phtf\/wp-json\/wp\/v2\/types\/page"}],"author":[{"embeddable":true,"href":"https:\/\/nonnwella.de\/phtf\/wp-json\/wp\/v2\/users\/1"}],"replies":[{"embeddable":true,"href":"https:\/\/nonnwella.de\/phtf\/wp-json\/wp\/v2\/comments?post=1020"}],"version-history":[{"count":79,"href":"https:\/\/nonnwella.de\/phtf\/wp-json\/wp\/v2\/pages\/1020\/revisions"}],"predecessor-version":[{"id":3996,"href":"https:\/\/nonnwella.de\/phtf\/wp-json\/wp\/v2\/pages\/1020\/revisions\/3996"}],"wp:attachment":[{"href":"https:\/\/nonnwella.de\/phtf\/wp-json\/wp\/v2\/media?parent=1020"}],"curies":[{"name":"wp","href":"https:\/\/api.w.org\/{rel}","templated":true}]}}