{"id":1000,"date":"2021-08-06T06:38:53","date_gmt":"2021-08-06T06:38:53","guid":{"rendered":"https:\/\/nonnwella.de\/phtf\/?page_id=1000"},"modified":"2023-10-04T10:25:55","modified_gmt":"2023-10-04T10:25:55","slug":"entstehung","status":"publish","type":"page","link":"https:\/\/nonnwella.de\/phtf\/entstehung","title":{"rendered":"Entstehungsgeschichte"},"content":{"rendered":"<h4 style=\"text-align: center;\"><span style=\"font-family: tahoma, arial, helvetica, sans-serif;\">Die Entstehung des Ortes Nonnweiler<\/span><\/h4>\n<p><span style=\"font-size: 20px;\">D<span style=\"font-family: tahoma, arial, helvetica, sans-serif;\">ie Geschichte des Ortes Nonnweiler ist eng mit der Geschichte der Pfarrei \u201eSt. Hubertus\u201c verkn\u00fcpft.<\/span><\/span><br \/>\n<span style=\"font-family: tahoma, arial, helvetica, sans-serif; font-size: 20px;\">Gest\u00fctzt auf nachfolgend wiedergegebene Quellen kann man davon ausgehen, dass der Ort Nonnweiler in der ersten H\u00e4lfte des 9. Jahrhunderts entstanden ist.<\/span><br \/>\n<span style=\"font-family: tahoma, arial, helvetica, sans-serif; font-size: 20px;\">\u201eN\u00f6rdlich und s\u00fcdlich von Nonnweiler war Tholeyer-, das hei\u00dft nicht Trierischer Einflussbereich. Um diesen Einfluss einzud\u00e4mmen, musste es die Sorge der Bisch\u00f6fe von Trier sein, diese L\u00fccke auszuf\u00fcllen. Diese Aufgabe \u00fcbernahm das Kloster Pfalzel, das in Nonnweiler Fu\u00df fasste und somit seinerseits einen Keil zwischen Hermeskeil und Kastel schob\u201c*<\/span><br \/>\n<span style=\"font-family: tahoma, arial, helvetica, sans-serif; font-size: 20px;\">\u201eIn der ersten H\u00e4lfte des 9. Jahrhunderts ist die kolonisatorische T\u00e4tigkeit des Klosters Pfalzel in Nonnweiler zu datieren. Nonnweiler grenzt unmittelbar \u00f6stlich an den Pauliner Bezirkskomplex um Wadrill an, der nach Pauliner \u00dcberlieferung durch Bischof Hetti an das Stift gekommen sein soll. Wichtiger ist aber vielleicht noch die R\u00fcckf\u00fchrung des Pauliner Besitzes auf Bischof Hetti (814 bis 847), waren doch zwei Schwestern dieses Bischofs Nonnen in Pfalzel, n\u00e4mlich die \u00c4btissin Warentrud und Hulindis. Man kann bei dieser Sachlage wohl mit Sicherheit grenzender Wahrscheinlichkeit sagen, dass Hetti dem Kloster seiner Schwestern eine Besitzvermehrung und Aufgabe zudachte. Die Beteiligung des Pfalzeler Nonnenklosters auch am Ausbau der Kirchenorganisation kann sehr wahrscheinlich auch aus dem Hubertuspatrozinium der Kirche in Nonnweiler geschlossen werden.<\/span><br \/>\n<span style=\"font-size: 20px;\"><span style=\"font-family: tahoma, arial, helvetica, sans-serif;\">Hubertus gilt im allgemeinen als Heiliger des sp\u00e4ten Mittelalters, nur selten ist er als (Erst-) Patron von Pfarrkirchen nachweisbar.<br \/>\n<\/span><span style=\"font-family: tahoma, arial, helvetica, sans-serif;\">Daneben gibt es aber eine \u00e4ltere Welle der Verbreitung des Hubertuskultes, die im Trierischen besonders zu beachten ist. Die Vermutung liegt nahe, dass die Nonnen hier auch eine Kirche errichteten, die dem heiligen Hubertus geweiht wurde. Jedenfalls kann das Hubertuspatrozinium als subsidi\u00e4rer Beweis f\u00fcr das Alter des Pfalzeler Besitzes in Nonnweiler und die kolonisatorisch-missionarische T\u00e4tigkeit der Pfalzeler Nonnen gelten.\u201c**<\/span><\/span><\/p>\n<p><span style=\"font-family: tahoma, arial, helvetica, sans-serif; font-size: 20px;\">* Ewig, \u201eTrier im Merowingerreich\u201c Seite 234<\/span><br \/>\n<span style=\"font-family: tahoma, arial, helvetica, sans-serif; font-size: 20px;\">** Heyen, \u201ePfalzel\u201c Seite 50-53<\/span><\/p>\n<h4 style=\"text-align: center;\"><span style=\"font-family: tahoma, arial, helvetica, sans-serif;\">Der Name Nonnweiler<br \/>\n<\/span><\/h4>\n<p><span style=\"font-family: tahoma, arial, helvetica, sans-serif; font-size: 20px;\">Bei Nonnweiler kann man davon ausgehen, dass der Name sich von Nonne (Klosterfrau) ableitet. Die Orte Nonnweiler und Bierfeld, die von Anfang an eine Pfarrei bildeten, waren ein einheitliches Lehen von Pfalzel bis zur Aufl\u00f6sung des Klosters durch die Franzosen im Jahre 1798.<\/span><br \/>\n<span style=\"font-family: tahoma, arial, helvetica, sans-serif; font-size: 20px;\">Da das Nonnenkloster in Pfalzel bereits 1016 von Erzbischof Poppo aufgel\u00f6st wurde, ist anzunehmen, dass Pfalzel vor der Umwandlung in ein M\u00e4nnerstift in Nonnweiler kolonisatorisch t\u00e4tig war.<\/span><br \/>\n<span style=\"font-family: tahoma, arial, helvetica, sans-serif; font-size: 20px;\">\u201eNach der Aufl\u00f6sung des Nonnenklosters wurden die Mitglieder in verschiedene Kl\u00f6ster ihrer Regel verteilt. Die meisten Klosterfrauen wurden nach St. Irmina in Trier verwiesen, vielleicht auch einige auf den Hof zu Nonnweiler, einer Besitzung des Stiftes\u201c*<\/span><\/p>\n<p><span style=\"font-family: tahoma, arial, helvetica, sans-serif; font-size: 20px;\">* A.A.J. Liehs, \u201eLeben und Thaten der Heiligen, deren Andenken im Bistum Trier gefeiert wird\u201c <\/span><br \/>\n<span style=\"font-family: tahoma, arial, helvetica, sans-serif; font-size: 20px;\">1861, Seite 310<\/span><\/p>\n<p><span style=\"font-size: 20px;\"><span style=\"font-family: tahoma, arial, helvetica, sans-serif;\">Auch alle urkundlichen Formen der Schreibung: 1220 Nonnewilre, 1323 Numwilre, 1367 Nonnwilre, <\/span><span style=\"font-family: tahoma, arial, helvetica, sans-serif;\">1589 Nonweiler, deuten auf Nonne und die Grundherschaft eines Klosters hin.<\/span><\/span><\/p>\n<h5><strong><span style=\"font-family: tahoma, arial, helvetica, sans-serif;\">Hierzu schrieb Antonius Jost im Jahre 1958 folgendes:<\/span><\/strong><\/h5>\n<p><span style=\"font-family: tahoma, arial, helvetica, sans-serif; font-size: 20px;\">Das \u201eNonn\u201c im Ortsnamen leitet Max M\u00fcller* aus Nonne ab. Damit hat ein bedeutender Heimatforscher eine Ansicht vertreten, der bis heute kaum widersprochen wurde. Den Anlass zu dieser Auslegung gab offensichtlich eine der \u00e4ltesten urkundlichen Erw\u00e4hnungen des Ortes im G\u00fcterverzeichnis der Trierer Abtei Maximin aus der Zeit um 1220 (Siehe H.Beyer: Urkundenbuch zur Geschichte der mittelrheinischen Territorien, II 443). Dort lautet die Namensform \u201eNonnevilre\u201c. Es darf aber nicht \u00fcbersehen werden, dass jenes G\u00fcterverzeichnis in lateinischer Sprache abgefasst ist und der Ortsname in lateinisierter Form erw\u00e4hnt wird. Die althochdeutsche Form f\u00fcr Nonne ist nunna, die mittelhochdeutsche nunne. Falls der deutsche Name damals \u201eNunnevilre\u201c lautete, ist Max M\u00fcllers Deutung richtig. Doch besteht Grund genug, dieser Ansicht zu widersprechen. In zwei Lehensgegenbriefen (Empfangsbescheinigung f\u00fcr Lehnsbriefe) aus den Jahren 1323 und 1330 wird das Dorf n\u00e4mlich mit \u201eNumvilre\u201c bzw. \u201eNunvilre\u201c bezeichnet. In dieser ihrer urspr\u00fcnglichen Form bedeuten beide Worte \u201eNeuweiler\u201c. Sind beide aber Verst\u00fcmmelungen von Nunnevilre, so ist Max M\u00fcllers Auslegung richtig.<\/span><\/p>\n<p><span style=\"font-size: 20px;\"><span style=\"font-family: tahoma, arial, helvetica, sans-serif;\">* Max M\u00fcller (1862 bis 1937) war vom 1. April 1891 bis 1. April 1896 B\u00fcrgermeister von Echternacherbr\u00fcck, von 1896 bis 15. Juli 1899 B\u00fcrgermeister von Hilbringen, vom Juli 1899 bis 31. M\u00e4rz 1928 B\u00fcrgermeister von Wadern. <\/span><span style=\"font-family: tahoma, arial, helvetica, sans-serif;\">Er war Ehrenb\u00fcrger der Stadt St. Wendel und aufgrund der T\u00e4tigkeit als Heimatforscher Ehrenmitglied der Gesellschaft f\u00fcr n\u00fctzliche Forschungen in Trier.<\/span><\/span><\/p>\n<h5><strong><span style=\"font-family: tahoma, arial, helvetica, sans-serif;\">Helmut Ludwig schreibt in seinem 1994 erschienen Buch \u201eGeschichte von Nonnweiler\u201c hierzu:<\/span><\/strong><\/h5>\n<p><span style=\"font-family: tahoma, arial, helvetica, sans-serif; font-size: 20px;\">Eine Ableitung von Neu auf \u201eNeuweiler\u201c, wie von einigen Forschern in Erw\u00e4gung gezogen, ist unwahrscheinlich.<\/span><\/p>\n<p><span style=\"font-family: tahoma, arial, helvetica, sans-serif; font-size: 20px;\">\u00dcber die Herkunft und Leibeigenschaft der Einwohner von Nonnweiler und Bierfeld schreibt Pfarrer Torsch (Pfarrgeschichte der Pfarrei Nonnweiler) um 1800 folgendes:<\/span><\/p>\n<p><span style=\"font-family: tahoma, arial, helvetica, sans-serif; font-size: 20px;\">\u201eGem\u00e4\u00df der \u00e4lteren Geschichte und des Namens Nonnweiler selbst ist der Ort Nonnweiler entstanden aus einem oder mehreren Hofg\u00fctern. Das Wort Nonnweiler ist zusammengesetzt aus Nonnen und Weiler. Nonnen sind geistliche Klosterjungfrauen. Weiler ist ein altdeutsches Wort, welches Hof oder Hofgut hei\u00dft. Nonnweiler oder Nonnenhof oder Hofg\u00fcter, die Nonnen zugeh\u00f6ren. Dies ist nicht willk\u00fcrlich angenommen, sondern aus echten und h\u00f6chstwahrscheinlichen Gr\u00fcnden, die der Sache wenigstens moralische Gewissheit geben.<\/span><\/p>\n<p><span style=\"font-family: tahoma, arial, helvetica, sans-serif; font-size: 20px;\">Es ist bekannt, dass das M\u00e4nnerstift ad beatam Mariam Virginem zu Pfalzel, Zehntherr von Zweidrittel der gro\u00dfen Zehnten in der Gemeinde Nonnweiler und Bierfeld und zugleich Patronus der Pfarrei Nonnweiler ist, die urspr\u00fcnglich aus eben besagten beiden Orten besteht.<\/span><\/p>\n<p><span style=\"font-family: tahoma, arial, helvetica, sans-serif;\"><span style=\"font-size: 20px;\">Wie dieses m\u00e4nnliche Stift zu Pfalzel zu den vorgenannten Gerechtsamen gekommen ist, ist nicht deutlich bewusst; h\u00f6chstwahrscheinlich erhielt er dieselbe gleich bei der Entstehung Anfang des elften Jahrhunderts, wo es auf den Tr\u00fcmmern des aufgehobenen adligen Nonnenklosters zu Pfalzel errichtet wurde. Der Erzbischof Poppo von Trier hob das besagte adlige Frauenstift zu Pfalzel auf im Jahre 1016. Er stiftete aber bald darauf das M\u00e4nnerstift daselbst, dem er einen Teil der eingezogenen Revenien* (*Rechte\/Eink\u00fcnfte\/Pfr\u00fcnde) zu seinem Beistand \u00fcbergab im Jahr 1027. H\u00f6chstwahrscheinlich ist\u2018s, dass die Zehntgerechtsame und die jus Patrionatus ein Teil der alten Revenien sind, die dem Frauenstift zu Pfalzel zustanden und auf das darauf errichtete M\u00e4nnerstift \u00fcbergegangen sind. Bei der Aufhebung des Nonnenklosters scheint Nonnweiler schon aus mehreren H\u00e4usern und G\u00fctern, wie auch Bierfeld bestanden haben. In dem im Ausgang des folgenden Jahrhunderts 1182 die Pfarrei Nonnweiler schon bestand, wenn der Urschrift eines in der Pfarrei vorfindlichen Hubertushorns kann Glauben beigemessen werden.\u201c<\/span><br \/>\n<\/span><\/p>\n<h5><span style=\"font-family: tahoma, arial, helvetica, sans-serif;\"><b>Die \u00dcberlieferung <\/b>(von Helmut Ludwig 1994)<\/span><\/h5>\n<p><span style=\"font-family: tahoma, arial, helvetica, sans-serif; font-size: 20px;\">Nach jahrhundertealter \u00dcberlieferung soll in Nonnweiler, im Distrikt \u201eZ\u00fcchterhaus\u201c, ein Nonnenkloster bzw. ein Nonnenhof gestanden haben, der dem Kloster Pfalzel unterstellt war. Danach wurden Nonnen, die gegen die Klosterregeln versto\u00dfen hatten, zur L\u00e4uterung bzw. Z\u00fcchtigung f\u00fcr eine gewisse Zeit nach Nonnweiler verwiesen. (Die \u00dcberlieferung ist nicht historisch belegt.)<\/span><\/p>\n<p><span style=\"font-family: tahoma, arial, helvetica, sans-serif; font-size: 20px;\">Die Vermutung der Name dieser Gemarkung \u201eZ\u00fcchterhaus\u201c k\u00f6nnte sich von \u201eHaus zur Z\u00fcchtigung\u201c ableiten, kann angenommen werden. Beim Bau des Kurhauses \u201eSaarland\u201c, sp\u00e4ter \u201eElim\u201c, wurden im hinteren Bereich massives Mauerwerk freigelegt, das mit Sicherheit zu einem gr\u00f6\u00dferen Geb\u00e4ude geh\u00f6rte. Das s\u00fcdlich anschlie\u00dfende Gel\u00e4nde, im Kataster \u201eZ\u00fcchterhaus ober dem Pfad\u201c eingetragen, hei\u00dft im Volksmund \u201ein der Hoffrah\u201c, was eigentlich nur Hofraum bedeuten kann.<\/span><\/p>\n<p><span style=\"font-size: 20px;\"><span style=\"font-family: tahoma, arial, helvetica, sans-serif;\">Ein weiterer Hinweis k\u00f6nnte eine alte Wasserleitung sein, die von der Quelle im Kallenborn Richtung Ort verl\u00e4uft. Vor dem Bau der Ortswasserleitung wurde der Dorfbrunnen mit einem Bleirohr vom Kallenborn <\/span><span style=\"font-family: tahoma, arial, helvetica, sans-serif;\">aus mit Wasser versorgt. Unter dieser Leitung liegt eine wesentlich \u00e4ltere Tonrohrleitung, die nur bis in den D\u00f6rrengarten mit der Bleileitung zusammen verl\u00e4uft, im Ort jedoch nicht mehr zu finden ist. Da Z\u00fcchterhaus unterhalb vom D\u00f6rrengarten liegt, f\u00fchrte die Tonrohrleitung vielleicht zu dem besagten \u201eNonnenhof\u201c.<\/span><\/span><\/p>\n<p><span style=\"font-family: tahoma, arial, helvetica, sans-serif; font-size: 20px;\">Nach den vorliegenden, hier wiedergegebenen Erkenntnissen kann man davon ausgehen, das der Ort Nonnweiler in der ersten H\u00e4lfte des 9. Jahrhunderts auf Initiative der Klosterfrauen von Pfalzel gegr\u00fcndet wurde und auch sein Name sich von Nonne ableitet.<\/span><\/p>\n<p><span style=\"font-family: tahoma, arial, helvetica, sans-serif; font-size: 20px;\">Auf einer Karte zur geschichtlichen Landeskunde des Saarlandes, \u201eDas Land an der Saar um 1000\u201c ist\u00a0 Nonnweiler bereits verzeichnet.<\/span><\/p>\n<h5><span style=\"font-family: tahoma, arial, helvetica, sans-serif;\"><b>Der Familienname Nonnweiler \/ <\/b><b>Nonweiler<\/b><\/span><\/h5>\n<p><span style=\"font-family: tahoma, arial, helvetica, sans-serif; font-size: 20px;\">Bis ins 16. Jahrhundert waren Familiennamen nicht \u00fcblich. In alten Urkunden und Kirchenb\u00fcchern waren nur Vornamen aufgef\u00fchrt, zu denen man, um unterscheiden zu k\u00f6nnen, einen Zusatz anbrachte.<\/span><\/p>\n<p><span style=\"font-family: tahoma, arial, helvetica, sans-serif; font-size: 20px;\">Dem Vornamen wurde zum Beispiel der Ortsname beigef\u00fcgt, aus dem der Namenstr\u00e4ger stammte. Als andere Merkmale wurde der ausge\u00fcbte Beruf gew\u00e4hlt, auch besondere Merkmale, wie gro\u00df oder klein, wurden zur Unterscheidung hinzugef\u00fcgt.<\/span><\/p>\n<p><span style=\"font-family: tahoma, arial, helvetica, sans-serif; font-size: 20px;\">Aus diesen Zus\u00e4tzen entstanden unsere heutigen Familiennamen. Es ist besonders auff\u00e4llig, dass der Name Nonnweiler, Nonweiler oder Nunweiler oft als Familienname vorkommt.<\/span><\/p>\n<p><span style=\"font-family: tahoma, arial, helvetica, sans-serif; font-size: 20px;\">Nach dem Beiheft: \u201eDie buchenlanddeutsche Sippe Nunweiler\u201c* gab es 1990 auf dem Gebiet der alten Bundesrepublik 152 Familien, die in \u00f6ffentlichen Fernsprechb\u00fcchern als Tr\u00e4ger des Namens Nonnweiler, Nonweiler oder Nunweiler registriert waren.<\/span><\/p>\n<p><span style=\"font-family: tahoma, arial, helvetica, sans-serif;\">(Quelle: Dipl. Ing. S. Nunweiler, Die Buchenwalddeutsche Sippe Nunweiler)<\/span><\/p>\n<p>&nbsp;<\/p>\n<div id=\"attachment_2303\" style=\"width: 410px\" class=\"wp-caption alignleft\"><img decoding=\"async\" aria-describedby=\"caption-attachment-2303\" class=\"wp-image-2303 size-full\" src=\"https:\/\/nonnwella.de\/phtf\/wp-content\/uploads\/2022\/02\/Surname.png\" alt=\"\" width=\"400\" height=\"262\" srcset=\"https:\/\/nonnwella.de\/phtf\/wp-content\/uploads\/2022\/02\/Surname.png 400w, https:\/\/nonnwella.de\/phtf\/wp-content\/uploads\/2022\/02\/Surname-300x197.png 300w\" sizes=\"(max-width: 400px) 100vw, 400px\" \/><p id=\"caption-attachment-2303\" class=\"wp-caption-text\">(Quelle: namenspedia.com)<\/p><\/div>\n<p><span style=\"font-family: tahoma, arial, helvetica, sans-serif; font-size: 20px;\">Nutzung: 1 % Vorname, 99 % Nachname.<\/span><br \/>\n<span style=\"font-family: tahoma, arial, helvetica, sans-serif; font-size: 20px;\"><b>Nonnweiler<\/b> als Vorname wurde 2-mal in 2 verschiedenen L\u00e4ndern gefunden. (USA, Belgien)<\/span><br \/>\n<span style=\"font-family: tahoma, arial, helvetica, sans-serif; font-size: 20px;\">Der Nachname <b>Nonnweiler<\/b> wird mindestens 132-mal in mindestens 5 L\u00e4ndern benutzt. <\/span><\/p>\n<p><span style=\"font-family: tahoma, arial, helvetica, sans-serif; font-size: 20px;\"><span style=\"font-size: 16px;\">\u00a0<\/span><\/span><\/p>\n<p>&nbsp;<\/p>\n<p>&nbsp;<\/p>\n<p>&nbsp;<\/p>\n<div id=\"attachment_2279\" style=\"width: 810px\" class=\"wp-caption alignright\"><img decoding=\"async\" aria-describedby=\"caption-attachment-2279\" class=\"wp-image-2279 size-full\" src=\"https:\/\/nonnwella.de\/phtf\/wp-content\/uploads\/2022\/02\/4f210498322163a5c3b9693d77b06080_de.png\" alt=\"\" width=\"800\" height=\"580\" srcset=\"https:\/\/nonnwella.de\/phtf\/wp-content\/uploads\/2022\/02\/4f210498322163a5c3b9693d77b06080_de.png 800w, https:\/\/nonnwella.de\/phtf\/wp-content\/uploads\/2022\/02\/4f210498322163a5c3b9693d77b06080_de-300x218.png 300w, https:\/\/nonnwella.de\/phtf\/wp-content\/uploads\/2022\/02\/4f210498322163a5c3b9693d77b06080_de-768x557.png 768w\" sizes=\"(max-width: 800px) 100vw, 800px\" \/><p id=\"caption-attachment-2279\" class=\"wp-caption-text\">(Quelle der Karte: GenWiki, genealogy.net)<\/p><\/div>\n<p><span style=\"font-family: tahoma, arial, helvetica, sans-serif; font-size: 20px;\">Deutschland Karte: Die Verbreitung des Nachnamens &gt;Nonnweiler&lt; innerhalb der Bundesrepublik Deutschland. Hier kann man eindeutig sehen, dass der Name \u00fcberwiegend im Westen und S\u00fcdwesten (Saarland und der Pfalz) verbreitet ist. Alle diese Namentr\u00e4ger hatten im Laufe der Jahrhunderte wohl Vorfahren aus unserem Heimatort Nonnweiler.<\/span><\/p>\n<p>&nbsp;<\/p>\n<p>&nbsp;<\/p>\n<p>&nbsp;<\/p>\n<p>&nbsp;<\/p>\n<p>&nbsp;<\/p>\n<p>&nbsp;<\/p>\n<p>&nbsp;<\/p>\n<p><span style=\"font-family: tahoma, arial, helvetica, sans-serif; font-size: 20px;\"><a href=\"https:\/\/nonnwella.de\/phtf\/gemeindegeschichte\" class=\"su-button su-button-style-default\" style=\"color:#FFFFFF;background-color:#ffc13b;border-color:#cc9b30;border-radius:8px\" target=\"_self\"><span style=\"color:#FFFFFF;padding:0px 22px;font-size:17px;line-height:34px;border-color:#ffd476;border-radius:8px;text-shadow:none\"> Weiter<\/span><\/a>\u00a0 \u00a0 \u00a0 \u00a0 \u00a0 \u00a0 \u00a0 \u00a0 \u00a0 \u00a0<\/span><\/p>\n<table style=\"width: 90.66965320151387%;\">\n<tbody>\n<tr>\n<td style=\"width: 26.799007444168733%;\">&nbsp;<\/p>\n<ul id=\"menu-mega-main\" class=\"menu\"><li id=\"menu-item-1679\" class=\"menu-item menu-item-type-custom menu-item-object-custom menu-item-has-children menu-item-1679\"><a href=\"https:\/\/nonnwella.de\/phtf\/wappen\">\u00dcber Nonnweiler<\/a>\n<ul class=\"sub-menu\">\n\t<li id=\"menu-item-996\" class=\"menu-item menu-item-type-post_type menu-item-object-page menu-item-996\"><a href=\"https:\/\/nonnwella.de\/phtf\/wappen\">Das Wappen<\/a><\/li>\n\t<li id=\"menu-item-1008\" class=\"menu-item menu-item-type-post_type menu-item-object-page menu-item-1008\"><a href=\"https:\/\/nonnwella.de\/phtf\/entstehung\">Entstehungsgeschichte<\/a><\/li>\n\t<li id=\"menu-item-1250\" class=\"menu-item menu-item-type-post_type menu-item-object-page menu-item-1250\"><a href=\"https:\/\/nonnwella.de\/phtf\/gemeindegeschichte\">Geschichte des Ortes<\/a><\/li>\n\t<li id=\"menu-item-1267\" class=\"menu-item menu-item-type-post_type menu-item-object-page menu-item-1267\"><a href=\"https:\/\/nonnwella.de\/phtf\/mittelalterliche-besitzverhaeltnisse\">Mittelalterliche Besitzverh\u00e4ltnisse<\/a><\/li>\n\t<li id=\"menu-item-1266\" class=\"menu-item menu-item-type-post_type menu-item-object-page menu-item-has-children menu-item-1266\"><a href=\"https:\/\/nonnwella.de\/phtf\/stockbauern-und-stockgueter\">Stockbauern &#038; Stockg\u00fcter<\/a>\n\t<ul class=\"sub-menu\">\n\t\t<li id=\"menu-item-2068\" class=\"menu-item menu-item-type-post_type menu-item-object-page menu-item-2068\"><a href=\"https:\/\/nonnwella.de\/phtf\/landwirtschaft-ackerbau\">Landwirtschaft &#038; Ackerbau<\/a><\/li>\n\t\t<li id=\"menu-item-2069\" class=\"menu-item menu-item-type-post_type menu-item-object-page menu-item-2069\"><a href=\"https:\/\/nonnwella.de\/phtf\/bauernstand\">Bauernstand<\/a><\/li>\n\t\t<li id=\"menu-item-2165\" class=\"menu-item menu-item-type-post_type menu-item-object-page menu-item-2165\"><a href=\"https:\/\/nonnwella.de\/phtf\/muehlen-in-nonnweiler\">M\u00fchlengeschichte<\/a><\/li>\n\t<\/ul>\n<\/li>\n\t<li id=\"menu-item-1540\" class=\"menu-item menu-item-type-post_type menu-item-object-page menu-item-has-children menu-item-1540\"><a href=\"https:\/\/nonnwella.de\/phtf\/hauszeichen\">Hauszeichen<\/a>\n\t<ul class=\"sub-menu\">\n\t\t<li id=\"menu-item-1265\" class=\"menu-item menu-item-type-post_type menu-item-object-page menu-item-1265\"><a href=\"https:\/\/nonnwella.de\/phtf\/alt-nonnweiler\">Wer wohnte wo?<\/a><\/li>\n\t<\/ul>\n<\/li>\n\t<li id=\"menu-item-1027\" class=\"menu-item menu-item-type-post_type menu-item-object-page menu-item-has-children menu-item-1027\"><a href=\"https:\/\/nonnwella.de\/phtf\/kriegsgeschichte\">NS Zeit 1933-1945<\/a>\n\t<ul class=\"sub-menu\">\n\t\t<li id=\"menu-item-2469\" class=\"menu-item menu-item-type-post_type menu-item-object-page menu-item-2469\"><a href=\"https:\/\/nonnwella.de\/phtf\/gefallene-vermisste-in-weltkriegen\">Gefallene &#038; Vermisste beider Weltkriege<\/a><\/li>\n\t\t<li id=\"menu-item-1413\" class=\"menu-item menu-item-type-post_type menu-item-object-page menu-item-1413\"><a href=\"https:\/\/nonnwella.de\/phtf\/otto-berg-erinnerungen-1929-1945\">Otto Berg \u2013 Erinnerungen 1929-1945<\/a><\/li>\n\t<\/ul>\n<\/li>\n\t<li id=\"menu-item-4069\" class=\"menu-item menu-item-type-post_type menu-item-object-page menu-item-has-children menu-item-4069\"><a href=\"https:\/\/nonnwella.de\/phtf\/die-franzosen\">Einmarsch der Amerikaner &#038; Die Franzosen als Besatzungsmacht<\/a>\n\t<ul class=\"sub-menu\">\n\t\t<li id=\"menu-item-4079\" class=\"menu-item menu-item-type-post_type menu-item-object-page menu-item-4079\"><a href=\"https:\/\/nonnwella.de\/phtf\/wiedervereinigung\">Wiedervereinigung mit Deutschland<\/a><\/li>\n\t<\/ul>\n<\/li>\n\t<li id=\"menu-item-2043\" class=\"menu-item menu-item-type-post_type menu-item-object-page menu-item-has-children menu-item-2043\"><a href=\"https:\/\/nonnwella.de\/phtf\/schule\">Kindergarten &#038; Schule<\/a>\n\t<ul class=\"sub-menu\">\n\t\t<li id=\"menu-item-2494\" class=\"menu-item menu-item-type-post_type menu-item-object-page menu-item-2494\"><a href=\"https:\/\/nonnwella.de\/phtf\/fotos-kindergarten\">Spass im Kindergarten<\/a><\/li>\n\t\t<li id=\"menu-item-2042\" class=\"menu-item menu-item-type-post_type menu-item-object-page menu-item-2042\"><a href=\"https:\/\/nonnwella.de\/phtf\/klassenfotos\">Klassenfotos<\/a><\/li>\n\t<\/ul>\n<\/li>\n\t<li id=\"menu-item-2650\" class=\"menu-item menu-item-type-post_type menu-item-object-page menu-item-2650\"><a href=\"https:\/\/nonnwella.de\/phtf\/lichterkette\">Lichterkette f\u00fcr den Frieden<\/a><\/li>\n\t<li id=\"menu-item-1015\" class=\"menu-item menu-item-type-post_type menu-item-object-page menu-item-1015\"><a href=\"https:\/\/nonnwella.de\/phtf\/geographie\">Geographie &#038; Geologie<\/a><\/li>\n<\/ul>\n<\/li>\n<li id=\"menu-item-1680\" class=\"menu-item menu-item-type-custom menu-item-object-custom menu-item-has-children menu-item-1680\"><a href=\"https:\/\/nonnwella.de\/phtf\/article\">Ortsansichten<\/a>\n<ul class=\"sub-menu\">\n\t<li id=\"menu-item-631\" class=\"menu-item menu-item-type-post_type menu-item-object-page menu-item-631\"><a href=\"https:\/\/nonnwella.de\/phtf\/article\">Alt Nonnwella auf Postkarten<\/a><\/li>\n\t<li id=\"menu-item-744\" class=\"menu-item menu-item-type-post_type menu-item-object-page menu-item-744\"><a href=\"https:\/\/nonnwella.de\/phtf\/50er\">50er<\/a><\/li>\n\t<li id=\"menu-item-743\" class=\"menu-item menu-item-type-post_type menu-item-object-page menu-item-743\"><a href=\"https:\/\/nonnwella.de\/phtf\/60er\">60er<\/a><\/li>\n\t<li id=\"menu-item-742\" class=\"menu-item menu-item-type-post_type menu-item-object-page menu-item-742\"><a href=\"https:\/\/nonnwella.de\/phtf\/70er\">70er bis heute<\/a><\/li>\n\t<li id=\"menu-item-1095\" class=\"menu-item menu-item-type-post_type menu-item-object-page menu-item-1095\"><a href=\"https:\/\/nonnwella.de\/phtf\/vom-urlaubs-zum-kurort\">Erste Schritte zum Fremdenverkehrsort<\/a><\/li>\n\t<li id=\"menu-item-1815\" class=\"menu-item menu-item-type-post_type menu-item-object-page menu-item-1815\"><a href=\"https:\/\/nonnwella.de\/phtf\/kurhaeuser\">Kurh\u00e4user<\/a><\/li>\n<\/ul>\n<\/li>\n<li id=\"menu-item-1681\" class=\"menu-item menu-item-type-custom menu-item-object-custom menu-item-has-children menu-item-1681\"><a href=\"https:\/\/nonnwella.de\/phtf\/geschichte\">Kirchliches<\/a>\n<ul class=\"sub-menu\">\n\t<li id=\"menu-item-585\" class=\"menu-item menu-item-type-post_type menu-item-object-page menu-item-585\"><a href=\"https:\/\/nonnwella.de\/phtf\/geschichte\">Geschichte<\/a><\/li>\n\t<li id=\"menu-item-629\" class=\"menu-item menu-item-type-post_type menu-item-object-page menu-item-629\"><a href=\"https:\/\/nonnwella.de\/phtf\/innenansicht\">Innenansicht<\/a><\/li>\n\t<li id=\"menu-item-584\" class=\"menu-item menu-item-type-post_type menu-item-object-page menu-item-584\"><a href=\"https:\/\/nonnwella.de\/phtf\/brand-und-wiederaufbau\">Brand &#038; Wiederaufbau<\/a><\/li>\n\t<li id=\"menu-item-583\" class=\"menu-item menu-item-type-post_type menu-item-object-page menu-item-583\"><a href=\"https:\/\/nonnwella.de\/phtf\/fronleichnamsfest\">Fronleichnamsfest<\/a><\/li>\n\t<li id=\"menu-item-581\" class=\"menu-item menu-item-type-post_type menu-item-object-page menu-item-581\"><a href=\"https:\/\/nonnwella.de\/phtf\/primizen\">Primizen<\/a><\/li>\n\t<li id=\"menu-item-801\" class=\"menu-item menu-item-type-post_type menu-item-object-page menu-item-801\"><a href=\"https:\/\/nonnwella.de\/phtf\/100-jahrfeier\">Feierlichkeiten<\/a><\/li>\n\t<li id=\"menu-item-1033\" class=\"menu-item menu-item-type-post_type menu-item-object-page menu-item-1033\"><a href=\"https:\/\/nonnwella.de\/phtf\/pastoere-in-nonnweiler\">Past\u00f6re in Nonnweiler<\/a><\/li>\n\t<li id=\"menu-item-582\" class=\"menu-item menu-item-type-post_type menu-item-object-page menu-item-582\"><a href=\"https:\/\/nonnwella.de\/phtf\/in-schweren-jahren\">In schweren Jahren<\/a><\/li>\n\t<li id=\"menu-item-3269\" class=\"menu-item menu-item-type-post_type menu-item-object-page menu-item-3269\"><a href=\"https:\/\/nonnwella.de\/phtf\/messdiener\">Me\u00dfdiener<\/a><\/li>\n\t<li id=\"menu-item-2649\" class=\"menu-item menu-item-type-post_type menu-item-object-page menu-item-2649\"><a href=\"https:\/\/nonnwella.de\/phtf\/klepperkinder\">Klepperkinder<\/a><\/li>\n<\/ul>\n<\/li>\n<li id=\"menu-item-1682\" class=\"menu-item menu-item-type-custom menu-item-object-custom menu-item-has-children menu-item-1682\"><a href=\"https:\/\/nonnwella.de\/phtf\/ortsverein\">Vereine &#038; Gewerbe<\/a>\n<ul class=\"sub-menu\">\n\t<li id=\"menu-item-2217\" class=\"menu-item menu-item-type-post_type menu-item-object-page menu-item-has-children menu-item-2217\"><a href=\"https:\/\/nonnwella.de\/phtf\/ortsverein\">Ortsvereine<\/a>\n\t<ul class=\"sub-menu\">\n\t\t<li id=\"menu-item-2996\" class=\"menu-item menu-item-type-post_type menu-item-object-page menu-item-2996\"><a href=\"https:\/\/nonnwella.de\/phtf\/ortsverein\">kath. Frauengemeinschaft<\/a><\/li>\n\t\t<li id=\"menu-item-2994\" class=\"menu-item menu-item-type-post_type menu-item-object-page menu-item-2994\"><a href=\"https:\/\/nonnwella.de\/phtf\/kolping-kapelle\">Kolping-Kapelle<\/a><\/li>\n\t\t<li id=\"menu-item-2861\" class=\"menu-item menu-item-type-post_type menu-item-object-page menu-item-2861\"><a href=\"https:\/\/nonnwella.de\/phtf\/hochwaelder-tennisclub-htc\">Hochw\u00e4lder Tennisclub HTC<\/a><\/li>\n\t<\/ul>\n<\/li>\n\t<li id=\"menu-item-2571\" class=\"menu-item menu-item-type-post_type menu-item-object-page menu-item-2571\"><a href=\"https:\/\/nonnwella.de\/phtf\/jaegerheim-beim-hedi\">J\u00e4gerheim (beim Hedi)<\/a><\/li>\n\t<li id=\"menu-item-2651\" class=\"menu-item menu-item-type-post_type menu-item-object-page menu-item-2651\"><a href=\"https:\/\/nonnwella.de\/phtf\/central-filmtheater\">Central-Filmtheater<\/a><\/li>\n<\/ul>\n<\/li>\n<li id=\"menu-item-1683\" class=\"menu-item menu-item-type-custom menu-item-object-custom menu-item-has-children menu-item-1683\"><a href=\"https:\/\/nonnwella.de\/phtf\/schinderhannes\">Erz\u00e4hlungen<\/a>\n<ul class=\"sub-menu\">\n\t<li id=\"menu-item-1040\" class=\"menu-item menu-item-type-post_type menu-item-object-page menu-item-1040\"><a href=\"https:\/\/nonnwella.de\/phtf\/schinderhannes\">Schinderhannes<\/a><\/li>\n\t<li id=\"menu-item-1042\" class=\"menu-item menu-item-type-post_type menu-item-object-page menu-item-1042\"><a href=\"https:\/\/nonnwella.de\/phtf\/die-stockbauern-und-die-einspaennigen\">Die Stockbauern und die Einsp\u00e4nnigen<\/a><\/li>\n\t<li id=\"menu-item-1041\" class=\"menu-item menu-item-type-post_type menu-item-object-page menu-item-1041\"><a href=\"https:\/\/nonnwella.de\/phtf\/fritze-michel\">Fritze Michel<\/a><\/li>\n\t<li id=\"menu-item-1365\" class=\"menu-item menu-item-type-post_type menu-item-object-page menu-item-1365\"><a href=\"https:\/\/nonnwella.de\/phtf\/vetter-fritz\">Vetter Fritz<\/a><\/li>\n\t<li id=\"menu-item-1414\" class=\"menu-item menu-item-type-post_type menu-item-object-page menu-item-1414\"><a href=\"https:\/\/nonnwella.de\/phtf\/fam-honecker\">Saarl\u00e4ndische Begegnung<\/a><\/li>\n<\/ul>\n<\/li>\n<li id=\"menu-item-1684\" class=\"menu-item menu-item-type-custom menu-item-object-custom menu-item-has-children menu-item-1684\"><a href=\"https:\/\/nonnwella.de\/phtf\/medien\">Ausser der Reihe<\/a>\n<ul class=\"sub-menu\">\n\t<li id=\"menu-item-1025\" class=\"menu-item menu-item-type-post_type menu-item-object-page menu-item-1025\"><a href=\"https:\/\/nonnwella.de\/phtf\/medien\">Medien<\/a><\/li>\n\t<li id=\"menu-item-4153\" class=\"menu-item menu-item-type-post_type menu-item-object-page menu-item-4153\"><a href=\"https:\/\/nonnwella.de\/phtf\/drohnenaufnahmen\">Drohnenaufnahmen<\/a><\/li>\n\t<li id=\"menu-item-1523\" class=\"menu-item menu-item-type-post_type menu-item-object-page menu-item-1523\"><a href=\"https:\/\/nonnwella.de\/phtf\/seifenkistenrennen\">Seifenkistenrennen<\/a><\/li>\n\t<li id=\"menu-item-3574\" class=\"menu-item menu-item-type-post_type menu-item-object-page menu-item-3574\"><a href=\"https:\/\/nonnwella.de\/phtf\/archiv-bilder-des-monats\">Archiv \u2013 Bilder des Monats<\/a><\/li>\n\t<li id=\"menu-item-1920\" class=\"menu-item menu-item-type-post_type menu-item-object-page menu-item-1920\"><a href=\"https:\/\/nonnwella.de\/phtf\/wegweiser-mit-geschichte\">Wegweiser mit Geschichte<\/a><\/li>\n\t<li id=\"menu-item-3623\" class=\"menu-item menu-item-type-post_type menu-item-object-page menu-item-3623\"><a href=\"https:\/\/nonnwella.de\/phtf\/wer-weiss-es\">Wer wei\u00df es?<\/a><\/li>\n<\/ul>\n<\/li>\n<\/ul><\/td>\n<td style=\"vertical-align: top; width: 72.20843672456576%;\">&nbsp;<\/p>\n<p>&nbsp;<\/p>\n<p><img decoding=\"async\" class=\"wp-image-2874 size-full aligncenter\" src=\"https:\/\/nonnwella.de\/phtf\/wp-content\/uploads\/2022\/07\/CCI_001489-2.jpg\" alt=\"\" width=\"580\" height=\"405\" srcset=\"https:\/\/nonnwella.de\/phtf\/wp-content\/uploads\/2022\/07\/CCI_001489-2.jpg 580w, https:\/\/nonnwella.de\/phtf\/wp-content\/uploads\/2022\/07\/CCI_001489-2-300x209.jpg 300w\" sizes=\"(max-width: 580px) 100vw, 580px\" \/><\/p>\n<p>&nbsp;<\/p>\n<p>&nbsp;<\/p>\n<p>&nbsp;<\/p>\n<p><img decoding=\"async\" class=\"size-full wp-image-2877 aligncenter\" src=\"https:\/\/nonnwella.de\/phtf\/wp-content\/uploads\/2022\/07\/csm_Heimat_ist_Hunsrueck_Logo_c1c9a14c31.jpg\" alt=\"\" width=\"300\" height=\"286\" \/><\/td>\n<\/tr>\n<\/tbody>\n<\/table>\n","protected":false},"excerpt":{"rendered":"<p>Die Entstehung des Ortes Nonnweiler Die Geschichte des Ortes Nonnweiler ist eng mit der Geschichte der Pfarrei \u201eSt. Hubertus\u201c verkn\u00fcpft. Gest\u00fctzt auf nachfolgend wiedergegebene Quellen kann man davon ausgehen, dass der Ort Nonnweiler in der ersten H\u00e4lfte des 9. Jahrhunderts entstanden ist. \u201eN\u00f6rdlich und s\u00fcdlich von Nonnweiler war Tholeyer-, das hei\u00dft nicht Trierischer Einflussbereich. Um [&hellip;]<\/p>\n","protected":false},"author":1,"featured_media":0,"parent":0,"menu_order":0,"comment_status":"closed","ping_status":"closed","template":"","meta":{"footnotes":""},"class_list":["post-1000","page","type-page","status-publish","hentry"],"_links":{"self":[{"href":"https:\/\/nonnwella.de\/phtf\/wp-json\/wp\/v2\/pages\/1000","targetHints":{"allow":["GET"]}}],"collection":[{"href":"https:\/\/nonnwella.de\/phtf\/wp-json\/wp\/v2\/pages"}],"about":[{"href":"https:\/\/nonnwella.de\/phtf\/wp-json\/wp\/v2\/types\/page"}],"author":[{"embeddable":true,"href":"https:\/\/nonnwella.de\/phtf\/wp-json\/wp\/v2\/users\/1"}],"replies":[{"embeddable":true,"href":"https:\/\/nonnwella.de\/phtf\/wp-json\/wp\/v2\/comments?post=1000"}],"version-history":[{"count":47,"href":"https:\/\/nonnwella.de\/phtf\/wp-json\/wp\/v2\/pages\/1000\/revisions"}],"predecessor-version":[{"id":3580,"href":"https:\/\/nonnwella.de\/phtf\/wp-json\/wp\/v2\/pages\/1000\/revisions\/3580"}],"wp:attachment":[{"href":"https:\/\/nonnwella.de\/phtf\/wp-json\/wp\/v2\/media?parent=1000"}],"curies":[{"name":"wp","href":"https:\/\/api.w.org\/{rel}","templated":true}]}}